{"id":899,"date":"2026-04-20T20:12:05","date_gmt":"2026-04-20T20:12:05","guid":{"rendered":"http:\/\/rvbero.ascendra.ch\/?page_id=899"},"modified":"2026-04-24T11:14:06","modified_gmt":"2026-04-24T11:14:06","slug":"events","status":"publish","type":"page","link":"https:\/\/reitverein-beromuenster.ch\/index.php\/events\/","title":{"rendered":"Events &amp; Anl\u00e4sse"},"content":{"rendered":"\t\t<div data-elementor-type=\"wp-post\" data-elementor-id=\"899\" class=\"elementor elementor-899\">\n\t\t\t\t\t\t<section class=\"elementor-section elementor-top-section elementor-element elementor-element-62f33b9d elementor-section-boxed elementor-section-height-default elementor-section-height-default\" data-id=\"62f33b9d\" data-element_type=\"section\" data-e-type=\"section\" data-settings=\"{&quot;background_background&quot;:&quot;classic&quot;}\">\n\t\t\t\t\t\t<div class=\"elementor-container elementor-column-gap-default\">\n\t\t\t\t\t<div class=\"elementor-column elementor-col-100 elementor-top-column elementor-element elementor-element-444a16ac\" data-id=\"444a16ac\" data-element_type=\"column\" data-e-type=\"column\">\n\t\t\t<div class=\"elementor-widget-wrap elementor-element-populated\">\n\t\t\t\t\t\t<div class=\"elementor-element elementor-element-8044bc5 elementor-widget elementor-widget-heading\" data-id=\"8044bc5\" data-element_type=\"widget\" data-e-type=\"widget\" data-widget_type=\"heading.default\">\n\t\t\t\t\t<h2 class=\"elementor-heading-title elementor-size-default\">Aktuelle Aktivit\u00e4ten<\/h2>\t\t\t\t<\/div>\n\t\t\t\t<div class=\"elementor-element elementor-element-75251ecb elementor-widget elementor-widget-text-editor\" data-id=\"75251ecb\" data-element_type=\"widget\" data-e-type=\"widget\" data-widget_type=\"text-editor.default\">\n\t\t\t\t\t\t\t\t\t<p>\u00dcbersicht \u00fcber aktuelle Aktivit\u00e4ten. F\u00fcr Kursdetails auf den Titel oder das Icon klicken<\/p>\t\t\t\t\t\t\t\t<\/div>\n\t\t\t\t\t<\/div>\n\t\t<\/div>\n\t\t\t\t\t<\/div>\n\t\t<\/section>\n\t\t\t\t<section class=\"elementor-section elementor-top-section elementor-element elementor-element-4b07b0f2 elementor-section-boxed elementor-section-height-default elementor-section-height-default\" data-id=\"4b07b0f2\" data-element_type=\"section\" data-e-type=\"section\" data-settings=\"{&quot;background_background&quot;:&quot;classic&quot;}\">\n\t\t\t\t\t\t<div class=\"elementor-container elementor-column-gap-default\">\n\t\t\t\t\t<div class=\"elementor-column elementor-col-33 elementor-top-column elementor-element elementor-element-47b4c896\" data-id=\"47b4c896\" data-element_type=\"column\" data-e-type=\"column\">\n\t\t\t<div class=\"elementor-widget-wrap elementor-element-populated\">\n\t\t\t\t\t\t<div class=\"elementor-element elementor-element-48f14038 elementor-vertical-align-top elementor-widget elementor-widget-image-box\" data-id=\"48f14038\" data-element_type=\"widget\" data-e-type=\"widget\" data-widget_type=\"image-box.default\">\n\t\t\t\t\t<div class=\"elementor-image-box-wrapper\"><figure class=\"elementor-image-box-img\"><a href=\"\/wp-content\/uploads\/2026\/04\/Dualaktivierung_25APR26.pdf\" tabindex=\"-1\"><img fetchpriority=\"high\" decoding=\"async\" width=\"1200\" height=\"1200\" src=\"https:\/\/reitverein-beromuenster.ch\/wp-content\/uploads\/2026\/04\/pdf_icon.png\" class=\"attachment-full size-full wp-image-1085\" alt=\"\" srcset=\"https:\/\/reitverein-beromuenster.ch\/wp-content\/uploads\/2026\/04\/pdf_icon.png 1200w, https:\/\/reitverein-beromuenster.ch\/wp-content\/uploads\/2026\/04\/pdf_icon-300x300.png 300w, https:\/\/reitverein-beromuenster.ch\/wp-content\/uploads\/2026\/04\/pdf_icon-1024x1024.png 1024w, https:\/\/reitverein-beromuenster.ch\/wp-content\/uploads\/2026\/04\/pdf_icon-150x150.png 150w, https:\/\/reitverein-beromuenster.ch\/wp-content\/uploads\/2026\/04\/pdf_icon-768x768.png 768w, https:\/\/reitverein-beromuenster.ch\/wp-content\/uploads\/2026\/04\/pdf_icon-600x600.png 600w\" sizes=\"(max-width: 1200px) 100vw, 1200px\" \/><\/a><\/figure><div class=\"elementor-image-box-content\"><h3 class=\"elementor-image-box-title\"><a href=\"\/wp-content\/uploads\/2026\/04\/Dualaktivierung_25APR26.pdf\">Dualaktivierung<\/a><\/h3><p class=\"elementor-image-box-description\">25.04.2026<br>Kurs mit Fr\u00e4nzi Bugini<\/p><\/div><\/div>\t\t\t\t<\/div>\n\t\t\t\t\t<\/div>\n\t\t<\/div>\n\t\t\t\t<div class=\"elementor-column elementor-col-33 elementor-top-column elementor-element elementor-element-3c085f6\" data-id=\"3c085f6\" data-element_type=\"column\" data-e-type=\"column\">\n\t\t\t<div class=\"elementor-widget-wrap elementor-element-populated\">\n\t\t\t\t\t\t<div class=\"elementor-element elementor-element-356d0c8 elementor-vertical-align-top elementor-widget elementor-widget-image-box\" data-id=\"356d0c8\" data-element_type=\"widget\" data-e-type=\"widget\" data-widget_type=\"image-box.default\">\n\t\t\t\t\t<div class=\"elementor-image-box-wrapper\"><figure class=\"elementor-image-box-img\"><a href=\"\/wp-content\/uploads\/2026\/04\/Springkurs-Sommer-2026_Roland-Jud.pdf\" tabindex=\"-1\"><img fetchpriority=\"high\" decoding=\"async\" width=\"1200\" height=\"1200\" src=\"https:\/\/reitverein-beromuenster.ch\/wp-content\/uploads\/2026\/04\/pdf_icon.png\" class=\"attachment-full size-full wp-image-1085\" alt=\"\" srcset=\"https:\/\/reitverein-beromuenster.ch\/wp-content\/uploads\/2026\/04\/pdf_icon.png 1200w, https:\/\/reitverein-beromuenster.ch\/wp-content\/uploads\/2026\/04\/pdf_icon-300x300.png 300w, https:\/\/reitverein-beromuenster.ch\/wp-content\/uploads\/2026\/04\/pdf_icon-1024x1024.png 1024w, https:\/\/reitverein-beromuenster.ch\/wp-content\/uploads\/2026\/04\/pdf_icon-150x150.png 150w, https:\/\/reitverein-beromuenster.ch\/wp-content\/uploads\/2026\/04\/pdf_icon-768x768.png 768w, https:\/\/reitverein-beromuenster.ch\/wp-content\/uploads\/2026\/04\/pdf_icon-600x600.png 600w\" sizes=\"(max-width: 1200px) 100vw, 1200px\" \/><\/a><\/figure><div class=\"elementor-image-box-content\"><h3 class=\"elementor-image-box-title\"><a href=\"\/wp-content\/uploads\/2026\/04\/Springkurs-Sommer-2026_Roland-Jud.pdf\">Springkurs<\/a><\/h3><p class=\"elementor-image-box-description\">Kurs mit Roland Jud<\/p><\/div><\/div>\t\t\t\t<\/div>\n\t\t\t\t\t<\/div>\n\t\t<\/div>\n\t\t\t\t<div class=\"elementor-column elementor-col-33 elementor-top-column elementor-element elementor-element-5c820d0\" data-id=\"5c820d0\" data-element_type=\"column\" data-e-type=\"column\">\n\t\t\t<div class=\"elementor-widget-wrap elementor-element-populated\">\n\t\t\t\t\t\t<div class=\"elementor-element elementor-element-eb81b52 elementor-vertical-align-top elementor-widget elementor-widget-image-box\" data-id=\"eb81b52\" data-element_type=\"widget\" data-e-type=\"widget\" data-widget_type=\"image-box.default\">\n\t\t\t\t\t<div class=\"elementor-image-box-wrapper\"><figure class=\"elementor-image-box-img\"><a href=\"\/wp-content\/uploads\/2026\/04\/Tageskurs-EFK-Beromuenster.pdf\" tabindex=\"-1\"><img fetchpriority=\"high\" decoding=\"async\" width=\"1200\" height=\"1200\" src=\"https:\/\/reitverein-beromuenster.ch\/wp-content\/uploads\/2026\/04\/pdf_icon.png\" class=\"attachment-full size-full wp-image-1085\" alt=\"\" srcset=\"https:\/\/reitverein-beromuenster.ch\/wp-content\/uploads\/2026\/04\/pdf_icon.png 1200w, https:\/\/reitverein-beromuenster.ch\/wp-content\/uploads\/2026\/04\/pdf_icon-300x300.png 300w, https:\/\/reitverein-beromuenster.ch\/wp-content\/uploads\/2026\/04\/pdf_icon-1024x1024.png 1024w, https:\/\/reitverein-beromuenster.ch\/wp-content\/uploads\/2026\/04\/pdf_icon-150x150.png 150w, https:\/\/reitverein-beromuenster.ch\/wp-content\/uploads\/2026\/04\/pdf_icon-768x768.png 768w, https:\/\/reitverein-beromuenster.ch\/wp-content\/uploads\/2026\/04\/pdf_icon-600x600.png 600w\" sizes=\"(max-width: 1200px) 100vw, 1200px\" \/><\/a><\/figure><div class=\"elementor-image-box-content\"><h3 class=\"elementor-image-box-title\"><a href=\"\/wp-content\/uploads\/2026\/04\/Tageskurs-EFK-Beromuenster.pdf\">Delfin Horsetraining<\/a><\/h3><p class=\"elementor-image-box-description\">19.07.2026<br \/>\nKurs mit Fr\u00e4nzi Bugini<\/p><\/div><\/div>\t\t\t\t<\/div>\n\t\t\t\t\t<\/div>\n\t\t<\/div>\n\t\t\t\t\t<\/div>\n\t\t<\/section>\n\t\t\t\t<section class=\"elementor-section elementor-top-section elementor-element elementor-element-78906903 elementor-section-boxed elementor-section-height-default elementor-section-height-default\" data-id=\"78906903\" data-element_type=\"section\" data-e-type=\"section\" data-settings=\"{&quot;background_background&quot;:&quot;classic&quot;}\">\n\t\t\t\t\t\t<div class=\"elementor-container elementor-column-gap-default\">\n\t\t\t\t\t<div class=\"elementor-column elementor-col-100 elementor-top-column elementor-element elementor-element-1374417b\" data-id=\"1374417b\" data-element_type=\"column\" data-e-type=\"column\">\n\t\t\t<div class=\"elementor-widget-wrap elementor-element-populated\">\n\t\t\t\t\t\t<div class=\"elementor-element elementor-element-29f09066 elementor-widget-divider--view-line elementor-widget elementor-widget-divider\" data-id=\"29f09066\" data-element_type=\"widget\" data-e-type=\"widget\" data-widget_type=\"divider.default\">\n\t\t\t\t\t\t\t<div class=\"elementor-divider\">\n\t\t\t<span class=\"elementor-divider-separator\">\n\t\t\t\t\t\t<\/span>\n\t\t<\/div>\n\t\t\t\t\t\t<\/div>\n\t\t\t\t\t<\/div>\n\t\t<\/div>\n\t\t\t\t\t<\/div>\n\t\t<\/section>\n\t\t\t\t<section class=\"elementor-section elementor-top-section elementor-element elementor-element-3fb3f934 elementor-section-boxed elementor-section-height-default elementor-section-height-default\" data-id=\"3fb3f934\" data-element_type=\"section\" data-e-type=\"section\" data-settings=\"{&quot;background_background&quot;:&quot;classic&quot;}\">\n\t\t\t\t\t\t<div class=\"elementor-container elementor-column-gap-default\">\n\t\t\t\t\t<div class=\"elementor-column elementor-col-100 elementor-top-column elementor-element elementor-element-4c138d18\" data-id=\"4c138d18\" data-element_type=\"column\" data-e-type=\"column\">\n\t\t\t<div class=\"elementor-widget-wrap elementor-element-populated\">\n\t\t\t\t\t\t<div class=\"elementor-element elementor-element-7c28f88 elementor-widget elementor-widget-heading\" data-id=\"7c28f88\" data-element_type=\"widget\" data-e-type=\"widget\" data-widget_type=\"heading.default\">\n\t\t\t\t\t<h2 class=\"elementor-heading-title elementor-size-default\">Vereinsaktivit\u00e4ten<\/h2>\t\t\t\t<\/div>\n\t\t\t\t\t<\/div>\n\t\t<\/div>\n\t\t\t\t\t<\/div>\n\t\t<\/section>\n\t\t\t\t<section class=\"elementor-section elementor-top-section elementor-element elementor-element-30bc7dd2 elementor-section-content-middle elementor-section-full_width elementor-reverse-mobile elementor-section-height-default elementor-section-height-default\" data-id=\"30bc7dd2\" data-element_type=\"section\" data-e-type=\"section\" data-settings=\"{&quot;background_background&quot;:&quot;classic&quot;}\">\n\t\t\t\t\t\t\t<div class=\"elementor-background-overlay\"><\/div>\n\t\t\t\t\t\t\t<div class=\"elementor-container elementor-column-gap-default\">\n\t\t\t\t\t<div class=\"elementor-column elementor-col-50 elementor-top-column elementor-element elementor-element-48f6f200\" data-id=\"48f6f200\" data-element_type=\"column\" data-e-type=\"column\" data-settings=\"{&quot;background_background&quot;:&quot;classic&quot;}\">\n\t\t\t<div class=\"elementor-widget-wrap elementor-element-populated\">\n\t\t\t\t\t\t<section class=\"elementor-section elementor-inner-section elementor-element elementor-element-7df8cea3 elementor-section-boxed elementor-section-height-default elementor-section-height-default\" data-id=\"7df8cea3\" data-element_type=\"section\" data-e-type=\"section\">\n\t\t\t\t\t\t<div class=\"elementor-container elementor-column-gap-default\">\n\t\t\t\t\t<div class=\"elementor-column elementor-col-100 elementor-inner-column elementor-element elementor-element-5c7be962\" data-id=\"5c7be962\" data-element_type=\"column\" data-e-type=\"column\" data-settings=\"{&quot;background_background&quot;:&quot;classic&quot;}\">\n\t\t\t<div class=\"elementor-widget-wrap elementor-element-populated\">\n\t\t\t\t\t\t<div class=\"elementor-element elementor-element-2117608c elementor-widget elementor-widget-image\" data-id=\"2117608c\" data-element_type=\"widget\" data-e-type=\"widget\" data-widget_type=\"image.default\">\n\t\t\t\t\t\t\t\t\t\t\t\t\t\t\t<img decoding=\"async\" width=\"512\" height=\"512\" src=\"https:\/\/reitverein-beromuenster.ch\/wp-content\/uploads\/2026\/04\/trophy.png\" class=\"attachment-full size-full wp-image-865\" alt=\"\" srcset=\"https:\/\/reitverein-beromuenster.ch\/wp-content\/uploads\/2026\/04\/trophy.png 512w, https:\/\/reitverein-beromuenster.ch\/wp-content\/uploads\/2026\/04\/trophy-300x300.png 300w, https:\/\/reitverein-beromuenster.ch\/wp-content\/uploads\/2026\/04\/trophy-150x150.png 150w\" sizes=\"(max-width: 512px) 100vw, 512px\" \/>\t\t\t\t\t\t\t\t\t\t\t\t\t\t\t<\/div>\n\t\t\t\t<div class=\"elementor-element elementor-element-7bd03b8 elementor-widget elementor-widget-heading\" data-id=\"7bd03b8\" data-element_type=\"widget\" data-e-type=\"widget\" data-widget_type=\"heading.default\">\n\t\t\t\t\t<h2 class=\"elementor-heading-title elementor-size-default\">Vereins- meisterschaft<\/h2>\t\t\t\t<\/div>\n\t\t\t\t<div class=\"elementor-element elementor-element-7fb9db00 elementor-widget-divider--view-line elementor-widget elementor-widget-divider\" data-id=\"7fb9db00\" data-element_type=\"widget\" data-e-type=\"widget\" data-widget_type=\"divider.default\">\n\t\t\t\t\t\t\t<div class=\"elementor-divider\">\n\t\t\t<span class=\"elementor-divider-separator\">\n\t\t\t\t\t\t<\/span>\n\t\t<\/div>\n\t\t\t\t\t\t<\/div>\n\t\t\t\t<div class=\"elementor-element elementor-element-3dbf13b9 elementor-widget elementor-widget-text-editor\" data-id=\"3dbf13b9\" data-element_type=\"widget\" data-e-type=\"widget\" data-widget_type=\"text-editor.default\">\n\t\t\t\t\t\t\t\t\t<p>Reglement und weitere Infos<\/p>\t\t\t\t\t\t\t\t<\/div>\n\t\t\t\t<div class=\"elementor-element elementor-element-36fa0fdf elementor-align-center elementor-widget elementor-widget-button\" data-id=\"36fa0fdf\" data-element_type=\"widget\" data-e-type=\"widget\" data-widget_type=\"button.default\">\n\t\t\t\t\t\t\t\t\t\t<a class=\"elementor-button elementor-button-link elementor-size-sm\" href=\"#\">\n\t\t\t\t\t\t<span class=\"elementor-button-content-wrapper\">\n\t\t\t\t\t\t<span class=\"elementor-button-icon\">\n\t\t\t\t<svg aria-hidden=\"true\" class=\"e-font-icon-svg e-fas-long-arrow-alt-right\" viewBox=\"0 0 448 512\" xmlns=\"http:\/\/www.w3.org\/2000\/svg\"><path d=\"M313.941 216H12c-6.627 0-12 5.373-12 12v56c0 6.627 5.373 12 12 12h301.941v46.059c0 21.382 25.851 32.09 40.971 16.971l86.059-86.059c9.373-9.373 9.373-24.569 0-33.941l-86.059-86.059c-15.119-15.119-40.971-4.411-40.971 16.971V216z\"><\/path><\/svg>\t\t\t<\/span>\n\t\t\t\t\t\t\t\t\t<span class=\"elementor-button-text\">Ausschreibung<\/span>\n\t\t\t\t\t<\/span>\n\t\t\t\t\t<\/a>\n\t\t\t\t\t\t\t\t<\/div>\n\t\t\t\t<div class=\"elementor-element elementor-element-315df4a elementor-align-center elementor-widget elementor-widget-button\" data-id=\"315df4a\" data-element_type=\"widget\" data-e-type=\"widget\" data-widget_type=\"button.default\">\n\t\t\t\t\t\t\t\t\t\t<a class=\"elementor-button elementor-button-link elementor-size-sm\" href=\"#\">\n\t\t\t\t\t\t<span class=\"elementor-button-content-wrapper\">\n\t\t\t\t\t\t<span class=\"elementor-button-icon\">\n\t\t\t\t<svg aria-hidden=\"true\" class=\"e-font-icon-svg e-fas-long-arrow-alt-right\" viewBox=\"0 0 448 512\" xmlns=\"http:\/\/www.w3.org\/2000\/svg\"><path d=\"M313.941 216H12c-6.627 0-12 5.373-12 12v56c0 6.627 5.373 12 12 12h301.941v46.059c0 21.382 25.851 32.09 40.971 16.971l86.059-86.059c9.373-9.373 9.373-24.569 0-33.941l-86.059-86.059c-15.119-15.119-40.971-4.411-40.971 16.971V216z\"><\/path><\/svg>\t\t\t<\/span>\n\t\t\t\t\t\t\t\t\t<span class=\"elementor-button-text\">Rangliste<\/span>\n\t\t\t\t\t<\/span>\n\t\t\t\t\t<\/a>\n\t\t\t\t\t\t\t\t<\/div>\n\t\t\t\t\t<\/div>\n\t\t<\/div>\n\t\t\t\t\t<\/div>\n\t\t<\/section>\n\t\t\t\t\t<\/div>\n\t\t<\/div>\n\t\t\t\t<div class=\"elementor-column elementor-col-50 elementor-top-column elementor-element elementor-element-5938cd69\" data-id=\"5938cd69\" data-element_type=\"column\" data-e-type=\"column\" data-settings=\"{&quot;background_background&quot;:&quot;classic&quot;}\">\n\t\t\t<div class=\"elementor-widget-wrap elementor-element-populated\">\n\t\t\t\t\t\t<div class=\"elementor-element elementor-element-698ba9e4 elementor-widget elementor-widget-heading\" data-id=\"698ba9e4\" data-element_type=\"widget\" data-e-type=\"widget\" data-widget_type=\"heading.default\">\n\t\t\t\t\t<h2 class=\"elementor-heading-title elementor-size-default\">Jahresprogramm<\/h2>\t\t\t\t<\/div>\n\t\t\t\t<div class=\"elementor-element elementor-element-4d14aa1b elementor-position-left custom-icon-boxes elementor-vertical-align-top elementor-widget elementor-widget-image-box\" data-id=\"4d14aa1b\" data-element_type=\"widget\" data-e-type=\"widget\" data-widget_type=\"image-box.default\">\n\t\t\t\t\t<div class=\"elementor-image-box-wrapper\"><figure class=\"elementor-image-box-img\"><img decoding=\"async\" width=\"519\" height=\"555\" src=\"https:\/\/reitverein-beromuenster.ch\/wp-content\/uploads\/2026\/04\/icon_gv.png\" class=\"attachment-full size-full wp-image-1071\" alt=\"\" srcset=\"https:\/\/reitverein-beromuenster.ch\/wp-content\/uploads\/2026\/04\/icon_gv.png 519w, https:\/\/reitverein-beromuenster.ch\/wp-content\/uploads\/2026\/04\/icon_gv-281x300.png 281w\" sizes=\"(max-width: 519px) 100vw, 519px\" \/><\/figure><div class=\"elementor-image-box-content\"><h3 class=\"elementor-image-box-title\">22.02.26 Generalversammlung<\/h3><p class=\"elementor-image-box-description\">Alle Mitglieder sind herzlich zur Generalversammlung eingeladen<\/p><\/div><\/div>\t\t\t\t<\/div>\n\t\t\t\t<div class=\"elementor-element elementor-element-39dee651 elementor-position-left custom-icon-boxes elementor-vertical-align-top elementor-widget elementor-widget-image-box\" data-id=\"39dee651\" data-element_type=\"widget\" data-e-type=\"widget\" data-widget_type=\"image-box.default\">\n\t\t\t\t\t<div class=\"elementor-image-box-wrapper\"><figure class=\"elementor-image-box-img\"><img loading=\"lazy\" decoding=\"async\" width=\"499\" height=\"501\" src=\"https:\/\/reitverein-beromuenster.ch\/wp-content\/uploads\/2026\/04\/icon_vereinstag.png\" class=\"attachment-full size-full wp-image-1070\" alt=\"\" srcset=\"https:\/\/reitverein-beromuenster.ch\/wp-content\/uploads\/2026\/04\/icon_vereinstag.png 499w, https:\/\/reitverein-beromuenster.ch\/wp-content\/uploads\/2026\/04\/icon_vereinstag-300x300.png 300w, https:\/\/reitverein-beromuenster.ch\/wp-content\/uploads\/2026\/04\/icon_vereinstag-150x150.png 150w\" sizes=\"(max-width: 499px) 100vw, 499px\" \/><\/figure><div class=\"elementor-image-box-content\"><h3 class=\"elementor-image-box-title\">03.05.2026 Vereinstag<\/h3><p class=\"elementor-image-box-description\">Der n\u00e4chste Vereinstag mit Gymkhana, Dressur und Springen findet am 03.05.2026 statt.\n\nHier nun die Auschreibungen f\u00fcr Gymkhana, Dressur und Springen. G\u00e4ste sind in allen drei Disziplinen herzlich willkommen!<\/p><\/div><\/div>\t\t\t\t<\/div>\n\t\t\t\t<div class=\"elementor-element elementor-element-1cf89493 elementor-position-left custom-icon-boxes elementor-vertical-align-top elementor-widget elementor-widget-image-box\" data-id=\"1cf89493\" data-element_type=\"widget\" data-e-type=\"widget\" data-widget_type=\"image-box.default\">\n\t\t\t\t\t<div class=\"elementor-image-box-wrapper\"><figure class=\"elementor-image-box-img\"><img loading=\"lazy\" decoding=\"async\" width=\"528\" height=\"503\" src=\"https:\/\/reitverein-beromuenster.ch\/wp-content\/uploads\/2026\/04\/icon_vereinsausflug.png\" class=\"attachment-full size-full wp-image-1069\" alt=\"\" srcset=\"https:\/\/reitverein-beromuenster.ch\/wp-content\/uploads\/2026\/04\/icon_vereinsausflug.png 528w, https:\/\/reitverein-beromuenster.ch\/wp-content\/uploads\/2026\/04\/icon_vereinsausflug-300x286.png 300w\" sizes=\"(max-width: 528px) 100vw, 528px\" \/><\/figure><div class=\"elementor-image-box-content\"><h3 class=\"elementor-image-box-title\">24.10.2026 Vereinsausflug<\/h3><p class=\"elementor-image-box-description\">Das Programm wird noch bekannt gegeben<\/p><\/div><\/div>\t\t\t\t<\/div>\n\t\t\t\t\t<\/div>\n\t\t<\/div>\n\t\t\t\t\t<\/div>\n\t\t<\/section>\n\t\t\t\t<section class=\"elementor-section elementor-top-section elementor-element elementor-element-2498c9c elementor-section-boxed elementor-section-height-default elementor-section-height-default\" data-id=\"2498c9c\" data-element_type=\"section\" data-e-type=\"section\" data-settings=\"{&quot;background_background&quot;:&quot;classic&quot;}\">\n\t\t\t\t\t\t<div class=\"elementor-container elementor-column-gap-default\">\n\t\t\t\t\t<div class=\"elementor-column elementor-col-100 elementor-top-column elementor-element elementor-element-713cff4e\" data-id=\"713cff4e\" data-element_type=\"column\" data-e-type=\"column\">\n\t\t\t<div class=\"elementor-widget-wrap elementor-element-populated\">\n\t\t\t\t\t\t<div class=\"elementor-element elementor-element-5db5d0b9 elementor-widget elementor-widget-heading\" data-id=\"5db5d0b9\" data-element_type=\"widget\" data-e-type=\"widget\" data-widget_type=\"heading.default\">\n\t\t\t\t\t<h2 class=\"elementor-heading-title elementor-size-default\">weitere Aktivit\u00e4ten<\/h2>\t\t\t\t<\/div>\n\t\t\t\t\t<\/div>\n\t\t<\/div>\n\t\t\t\t\t<\/div>\n\t\t<\/section>\n\t\t\t\t<section class=\"elementor-section elementor-top-section elementor-element elementor-element-24afa3fe elementor-section-boxed elementor-section-height-default elementor-section-height-default\" data-id=\"24afa3fe\" data-element_type=\"section\" data-e-type=\"section\" data-settings=\"{&quot;background_background&quot;:&quot;classic&quot;}\">\n\t\t\t\t\t\t<div class=\"elementor-container elementor-column-gap-default\">\n\t\t\t\t\t<div class=\"elementor-column elementor-col-50 elementor-top-column elementor-element elementor-element-1c20c661\" data-id=\"1c20c661\" data-element_type=\"column\" data-e-type=\"column\">\n\t\t\t<div class=\"elementor-widget-wrap elementor-element-populated\">\n\t\t\t\t\t\t<div class=\"elementor-element elementor-element-0079280 elementor-position-left custom-icon-boxes elementor-vertical-align-top elementor-widget elementor-widget-image-box\" data-id=\"0079280\" data-element_type=\"widget\" data-e-type=\"widget\" data-widget_type=\"image-box.default\">\n\t\t\t\t\t<div class=\"elementor-image-box-wrapper\"><figure class=\"elementor-image-box-img\"><img loading=\"lazy\" decoding=\"async\" width=\"583\" height=\"519\" src=\"https:\/\/reitverein-beromuenster.ch\/wp-content\/uploads\/2026\/04\/icon_patroullienritt.png\" class=\"attachment-full size-full wp-image-1075\" alt=\"\" srcset=\"https:\/\/reitverein-beromuenster.ch\/wp-content\/uploads\/2026\/04\/icon_patroullienritt.png 583w, https:\/\/reitverein-beromuenster.ch\/wp-content\/uploads\/2026\/04\/icon_patroullienritt-300x267.png 300w\" sizes=\"(max-width: 583px) 100vw, 583px\" \/><\/figure><div class=\"elementor-image-box-content\"><h3 class=\"elementor-image-box-title\">Patrouillenritt <\/h3><p class=\"elementor-image-box-description\">Auch dieses Jahr f\u00fchrt der Reitverein Berom\u00fcnster wieder einen Patrouillenritt durch, der zur ZKV-Patrouillenritt-Trophy z\u00e4hlt. Save the Date: 8. November 2026!<\/p><\/div><\/div>\t\t\t\t<\/div>\n\t\t\t\t\t<\/div>\n\t\t<\/div>\n\t\t\t\t<div class=\"elementor-column elementor-col-50 elementor-top-column elementor-element elementor-element-0c18364\" data-id=\"0c18364\" data-element_type=\"column\" data-e-type=\"column\">\n\t\t\t<div class=\"elementor-widget-wrap elementor-element-populated\">\n\t\t\t\t\t\t<div class=\"elementor-element elementor-element-bab9b76 elementor-position-left custom-icon-boxes elementor-vertical-align-top elementor-widget elementor-widget-image-box\" data-id=\"bab9b76\" data-element_type=\"widget\" data-e-type=\"widget\" data-widget_type=\"image-box.default\">\n\t\t\t\t\t<div class=\"elementor-image-box-wrapper\"><figure class=\"elementor-image-box-img\"><img loading=\"lazy\" decoding=\"async\" width=\"676\" height=\"619\" src=\"https:\/\/reitverein-beromuenster.ch\/wp-content\/uploads\/2026\/04\/icon_Pferdesporttage.png\" class=\"attachment-full size-full wp-image-1076\" alt=\"\" srcset=\"https:\/\/reitverein-beromuenster.ch\/wp-content\/uploads\/2026\/04\/icon_Pferdesporttage.png 676w, https:\/\/reitverein-beromuenster.ch\/wp-content\/uploads\/2026\/04\/icon_Pferdesporttage-300x275.png 300w\" sizes=\"(max-width: 676px) 100vw, 676px\" \/><\/figure><div class=\"elementor-image-box-content\"><h3 class=\"elementor-image-box-title\">Pferdesporttage<\/h3><p class=\"elementor-image-box-description\">Die Pferdesporttage Berom\u00fcnster finden 03.-05.07.2026 statt. <\/p><\/div><\/div>\t\t\t\t<\/div>\n\t\t\t\t\t<\/div>\n\t\t<\/div>\n\t\t\t\t\t<\/div>\n\t\t<\/section>\n\t\t\t\t<\/div>\n\t\t","protected":false},"excerpt":{"rendered":"<p>Aktuelle Aktivit\u00e4ten \u00dcbersicht \u00fcber aktuelle Aktivit\u00e4ten. F\u00fcr Kursdetails auf den Titel oder das Icon klicken Dualaktivierung 25.04.2026Kurs mit Fr\u00e4nzi Bugini Springkurs Kurs mit Roland Jud Delfin Horsetraining 19.07.2026 Kurs mit Fr\u00e4nzi Bugini Vereinsaktivit\u00e4ten Vereins- meisterschaft Reglement und weitere Infos Ausschreibung Rangliste Jahresprogramm 22.02.26 Generalversammlung Alle Mitglieder sind herzlich zur Generalversammlung eingeladen 03.05.2026 Vereinstag Der n\u00e4chste [&hellip;]<\/p>\n","protected":false},"author":2,"featured_media":0,"parent":0,"menu_order":0,"comment_status":"closed","ping_status":"closed","template":"","meta":{"ocean_post_layout":"full-screen","ocean_both_sidebars_style":"","ocean_both_sidebars_content_width":0,"ocean_both_sidebars_sidebars_width":0,"ocean_sidebar":"","ocean_second_sidebar":"","ocean_disable_margins":"on","ocean_add_body_class":"","ocean_shortcode_before_top_bar":"","ocean_shortcode_after_top_bar":"","ocean_shortcode_before_header":"","ocean_shortcode_after_header":"","ocean_has_shortcode":"","ocean_shortcode_after_title":"","ocean_shortcode_before_footer_widgets":"","ocean_shortcode_after_footer_widgets":"","ocean_shortcode_before_footer_bottom":"","ocean_shortcode_after_footer_bottom":"","ocean_display_top_bar":"default","ocean_display_header":"default","ocean_header_style":"","ocean_center_header_left_menu":"","ocean_custom_header_template":"","ocean_custom_logo":0,"ocean_custom_retina_logo":0,"ocean_custom_logo_max_width":0,"ocean_custom_logo_tablet_max_width":0,"ocean_custom_logo_mobile_max_width":0,"ocean_custom_logo_max_height":0,"ocean_custom_logo_tablet_max_height":0,"ocean_custom_logo_mobile_max_height":0,"ocean_header_custom_menu":"","ocean_menu_typo_font_family":"","ocean_menu_typo_font_subset":"","ocean_menu_typo_font_size":0,"ocean_menu_typo_font_size_tablet":0,"ocean_menu_typo_font_size_mobile":0,"ocean_menu_typo_font_size_unit":"px","ocean_menu_typo_font_weight":"","ocean_menu_typo_font_weight_tablet":"","ocean_menu_typo_font_weight_mobile":"","ocean_menu_typo_transform":"","ocean_menu_typo_transform_tablet":"","ocean_menu_typo_transform_mobile":"","ocean_menu_typo_line_height":0,"ocean_menu_typo_line_height_tablet":0,"ocean_menu_typo_line_height_mobile":0,"ocean_menu_typo_line_height_unit":"","ocean_menu_typo_spacing":0,"ocean_menu_typo_spacing_tablet":0,"ocean_menu_typo_spacing_mobile":0,"ocean_menu_typo_spacing_unit":"","ocean_menu_link_color":"","ocean_menu_link_color_hover":"","ocean_menu_link_color_active":"","ocean_menu_link_background":"","ocean_menu_link_hover_background":"","ocean_menu_link_active_background":"","ocean_menu_social_links_bg":"","ocean_menu_social_hover_links_bg":"","ocean_menu_social_links_color":"","ocean_menu_social_hover_links_color":"","ocean_disable_title":"on","ocean_disable_heading":"default","ocean_post_title":"","ocean_post_subheading":"","ocean_post_title_style":"","ocean_post_title_background_color":"","ocean_post_title_background":0,"ocean_post_title_bg_image_position":"","ocean_post_title_bg_image_attachment":"","ocean_post_title_bg_image_repeat":"","ocean_post_title_bg_image_size":"","ocean_post_title_height":0,"ocean_post_title_bg_overlay":0.5,"ocean_post_title_bg_overlay_color":"","ocean_disable_breadcrumbs":"default","ocean_breadcrumbs_color":"","ocean_breadcrumbs_separator_color":"","ocean_breadcrumbs_links_color":"","ocean_breadcrumbs_links_hover_color":"","ocean_display_footer_widgets":"default","ocean_display_footer_bottom":"default","ocean_custom_footer_template":"","footnotes":""},"class_list":["post-899","page","type-page","status-publish","hentry","entry"],"yoast_head":"<!-- This site is optimized with the Yoast SEO plugin v27.4 - https:\/\/yoast.com\/product\/yoast-seo-wordpress\/ -->\n<title>Events &amp; Anl\u00e4sse - Reitverein Berom\u00fcnster<\/title>\n<meta name=\"robots\" content=\"noindex, follow, max-snippet:-1, max-image-preview:large, max-video-preview:-1\" \/>\n<meta property=\"og:locale\" content=\"de_DE\" \/>\n<meta property=\"og:type\" content=\"article\" \/>\n<meta property=\"og:title\" content=\"Events &amp; Anl\u00e4sse - Reitverein Berom\u00fcnster\" \/>\n<meta property=\"og:description\" content=\"Aktuelle Aktivit\u00e4ten \u00dcbersicht \u00fcber aktuelle Aktivit\u00e4ten. F\u00fcr Kursdetails auf den Titel oder das Icon klicken Dualaktivierung 25.04.2026Kurs mit Fr\u00e4nzi Bugini Springkurs Kurs mit Roland Jud Delfin Horsetraining 19.07.2026 Kurs mit Fr\u00e4nzi Bugini Vereinsaktivit\u00e4ten Vereins- meisterschaft Reglement und weitere Infos Ausschreibung Rangliste Jahresprogramm 22.02.26 Generalversammlung Alle Mitglieder sind herzlich zur Generalversammlung eingeladen 03.05.2026 Vereinstag Der n\u00e4chste [&hellip;]\" \/>\n<meta property=\"og:url\" content=\"https:\/\/reitverein-beromuenster.ch\/index.php\/events\/\" \/>\n<meta property=\"og:site_name\" content=\"Reitverein Berom\u00fcnster\" \/>\n<meta property=\"article:modified_time\" content=\"2026-04-24T11:14:06+00:00\" \/>\n<meta property=\"og:image\" content=\"https:\/\/reitverein-beromuenster.ch\/wp-content\/uploads\/2026\/04\/pdf_icon.png\" \/>\n\t<meta property=\"og:image:width\" content=\"1200\" \/>\n\t<meta property=\"og:image:height\" content=\"1200\" \/>\n\t<meta property=\"og:image:type\" content=\"image\/png\" \/>\n<meta name=\"twitter:card\" content=\"summary_large_image\" \/>\n<meta name=\"twitter:label1\" content=\"Gesch\u00e4tzte Lesezeit\" \/>\n\t<meta name=\"twitter:data1\" content=\"3\u00a0Minuten\" \/>\n<script type=\"application\/ld+json\" class=\"yoast-schema-graph\">{\"@context\":\"https:\\\/\\\/schema.org\",\"@graph\":[{\"@type\":\"WebPage\",\"@id\":\"https:\\\/\\\/reitverein-beromuenster.ch\\\/index.php\\\/events\\\/\",\"url\":\"https:\\\/\\\/reitverein-beromuenster.ch\\\/index.php\\\/events\\\/\",\"name\":\"Events &amp; Anl\u00e4sse - Reitverein Berom\u00fcnster\",\"isPartOf\":{\"@id\":\"https:\\\/\\\/reitverein-beromuenster.ch\\\/#website\"},\"primaryImageOfPage\":{\"@id\":\"https:\\\/\\\/reitverein-beromuenster.ch\\\/index.php\\\/events\\\/#primaryimage\"},\"image\":{\"@id\":\"https:\\\/\\\/reitverein-beromuenster.ch\\\/index.php\\\/events\\\/#primaryimage\"},\"thumbnailUrl\":\"https:\\\/\\\/reitverein-beromuenster.ch\\\/wp-content\\\/uploads\\\/2026\\\/04\\\/pdf_icon.png\",\"datePublished\":\"2026-04-20T20:12:05+00:00\",\"dateModified\":\"2026-04-24T11:14:06+00:00\",\"breadcrumb\":{\"@id\":\"https:\\\/\\\/reitverein-beromuenster.ch\\\/index.php\\\/events\\\/#breadcrumb\"},\"inLanguage\":\"de\",\"potentialAction\":[{\"@type\":\"ReadAction\",\"target\":[\"https:\\\/\\\/reitverein-beromuenster.ch\\\/index.php\\\/events\\\/\"]}]},{\"@type\":\"ImageObject\",\"inLanguage\":\"de\",\"@id\":\"https:\\\/\\\/reitverein-beromuenster.ch\\\/index.php\\\/events\\\/#primaryimage\",\"url\":\"https:\\\/\\\/reitverein-beromuenster.ch\\\/wp-content\\\/uploads\\\/2026\\\/04\\\/pdf_icon.png\",\"contentUrl\":\"https:\\\/\\\/reitverein-beromuenster.ch\\\/wp-content\\\/uploads\\\/2026\\\/04\\\/pdf_icon.png\",\"width\":1200,\"height\":1200},{\"@type\":\"BreadcrumbList\",\"@id\":\"https:\\\/\\\/reitverein-beromuenster.ch\\\/index.php\\\/events\\\/#breadcrumb\",\"itemListElement\":[{\"@type\":\"ListItem\",\"position\":1,\"name\":\"Start\",\"item\":\"https:\\\/\\\/reitverein-beromuenster.ch\\\/\"},{\"@type\":\"ListItem\",\"position\":2,\"name\":\"Events &amp; Anl\u00e4sse\"}]},{\"@type\":\"WebSite\",\"@id\":\"https:\\\/\\\/reitverein-beromuenster.ch\\\/#website\",\"url\":\"https:\\\/\\\/reitverein-beromuenster.ch\\\/\",\"name\":\"Reitverein Berom\u00fcnster\",\"description\":\"Pferdesport gelebt\",\"publisher\":{\"@id\":\"https:\\\/\\\/reitverein-beromuenster.ch\\\/#organization\"},\"potentialAction\":[{\"@type\":\"SearchAction\",\"target\":{\"@type\":\"EntryPoint\",\"urlTemplate\":\"https:\\\/\\\/reitverein-beromuenster.ch\\\/?s={search_term_string}\"},\"query-input\":{\"@type\":\"PropertyValueSpecification\",\"valueRequired\":true,\"valueName\":\"search_term_string\"}}],\"inLanguage\":\"de\"},{\"@type\":\"Organization\",\"@id\":\"https:\\\/\\\/reitverein-beromuenster.ch\\\/#organization\",\"name\":\"Reitverein Berom\u00fcnster\",\"url\":\"https:\\\/\\\/reitverein-beromuenster.ch\\\/\",\"logo\":{\"@type\":\"ImageObject\",\"inLanguage\":\"de\",\"@id\":\"https:\\\/\\\/reitverein-beromuenster.ch\\\/#\\\/schema\\\/logo\\\/image\\\/\",\"url\":\"https:\\\/\\\/reitverein-beromuenster.ch\\\/wp-content\\\/uploads\\\/2026\\\/04\\\/logo-rvb_transparent_klein-modified.png\",\"contentUrl\":\"https:\\\/\\\/reitverein-beromuenster.ch\\\/wp-content\\\/uploads\\\/2026\\\/04\\\/logo-rvb_transparent_klein-modified.png\",\"width\":137,\"height\":100,\"caption\":\"Reitverein Berom\u00fcnster\"},\"image\":{\"@id\":\"https:\\\/\\\/reitverein-beromuenster.ch\\\/#\\\/schema\\\/logo\\\/image\\\/\"}}]}<\/script>\n<!-- \/ Yoast SEO plugin. -->","yoast_head_json":{"title":"Events &amp; Anl\u00e4sse - Reitverein Berom\u00fcnster","robots":{"index":"noindex","follow":"follow","max-snippet":"max-snippet:-1","max-image-preview":"max-image-preview:large","max-video-preview":"max-video-preview:-1"},"og_locale":"de_DE","og_type":"article","og_title":"Events &amp; Anl\u00e4sse - Reitverein Berom\u00fcnster","og_description":"Aktuelle Aktivit\u00e4ten \u00dcbersicht \u00fcber aktuelle Aktivit\u00e4ten. F\u00fcr Kursdetails auf den Titel oder das Icon klicken Dualaktivierung 25.04.2026Kurs mit Fr\u00e4nzi Bugini Springkurs Kurs mit Roland Jud Delfin Horsetraining 19.07.2026 Kurs mit Fr\u00e4nzi Bugini Vereinsaktivit\u00e4ten Vereins- meisterschaft Reglement und weitere Infos Ausschreibung Rangliste Jahresprogramm 22.02.26 Generalversammlung Alle Mitglieder sind herzlich zur Generalversammlung eingeladen 03.05.2026 Vereinstag Der n\u00e4chste [&hellip;]","og_url":"https:\/\/reitverein-beromuenster.ch\/index.php\/events\/","og_site_name":"Reitverein Berom\u00fcnster","article_modified_time":"2026-04-24T11:14:06+00:00","og_image":[{"width":1200,"height":1200,"url":"https:\/\/reitverein-beromuenster.ch\/wp-content\/uploads\/2026\/04\/pdf_icon.png","type":"image\/png"}],"twitter_card":"summary_large_image","twitter_misc":{"Gesch\u00e4tzte Lesezeit":"3\u00a0Minuten"},"schema":{"@context":"https:\/\/schema.org","@graph":[{"@type":"WebPage","@id":"https:\/\/reitverein-beromuenster.ch\/index.php\/events\/","url":"https:\/\/reitverein-beromuenster.ch\/index.php\/events\/","name":"Events &amp; Anl\u00e4sse - Reitverein Berom\u00fcnster","isPartOf":{"@id":"https:\/\/reitverein-beromuenster.ch\/#website"},"primaryImageOfPage":{"@id":"https:\/\/reitverein-beromuenster.ch\/index.php\/events\/#primaryimage"},"image":{"@id":"https:\/\/reitverein-beromuenster.ch\/index.php\/events\/#primaryimage"},"thumbnailUrl":"https:\/\/reitverein-beromuenster.ch\/wp-content\/uploads\/2026\/04\/pdf_icon.png","datePublished":"2026-04-20T20:12:05+00:00","dateModified":"2026-04-24T11:14:06+00:00","breadcrumb":{"@id":"https:\/\/reitverein-beromuenster.ch\/index.php\/events\/#breadcrumb"},"inLanguage":"de","potentialAction":[{"@type":"ReadAction","target":["https:\/\/reitverein-beromuenster.ch\/index.php\/events\/"]}]},{"@type":"ImageObject","inLanguage":"de","@id":"https:\/\/reitverein-beromuenster.ch\/index.php\/events\/#primaryimage","url":"https:\/\/reitverein-beromuenster.ch\/wp-content\/uploads\/2026\/04\/pdf_icon.png","contentUrl":"https:\/\/reitverein-beromuenster.ch\/wp-content\/uploads\/2026\/04\/pdf_icon.png","width":1200,"height":1200},{"@type":"BreadcrumbList","@id":"https:\/\/reitverein-beromuenster.ch\/index.php\/events\/#breadcrumb","itemListElement":[{"@type":"ListItem","position":1,"name":"Start","item":"https:\/\/reitverein-beromuenster.ch\/"},{"@type":"ListItem","position":2,"name":"Events &amp; Anl\u00e4sse"}]},{"@type":"WebSite","@id":"https:\/\/reitverein-beromuenster.ch\/#website","url":"https:\/\/reitverein-beromuenster.ch\/","name":"Reitverein Berom\u00fcnster","description":"Pferdesport gelebt","publisher":{"@id":"https:\/\/reitverein-beromuenster.ch\/#organization"},"potentialAction":[{"@type":"SearchAction","target":{"@type":"EntryPoint","urlTemplate":"https:\/\/reitverein-beromuenster.ch\/?s={search_term_string}"},"query-input":{"@type":"PropertyValueSpecification","valueRequired":true,"valueName":"search_term_string"}}],"inLanguage":"de"},{"@type":"Organization","@id":"https:\/\/reitverein-beromuenster.ch\/#organization","name":"Reitverein Berom\u00fcnster","url":"https:\/\/reitverein-beromuenster.ch\/","logo":{"@type":"ImageObject","inLanguage":"de","@id":"https:\/\/reitverein-beromuenster.ch\/#\/schema\/logo\/image\/","url":"https:\/\/reitverein-beromuenster.ch\/wp-content\/uploads\/2026\/04\/logo-rvb_transparent_klein-modified.png","contentUrl":"https:\/\/reitverein-beromuenster.ch\/wp-content\/uploads\/2026\/04\/logo-rvb_transparent_klein-modified.png","width":137,"height":100,"caption":"Reitverein Berom\u00fcnster"},"image":{"@id":"https:\/\/reitverein-beromuenster.ch\/#\/schema\/logo\/image\/"}}]}},"_links":{"self":[{"href":"https:\/\/reitverein-beromuenster.ch\/index.php\/wp-json\/wp\/v2\/pages\/899","targetHints":{"allow":["GET"]}}],"collection":[{"href":"https:\/\/reitverein-beromuenster.ch\/index.php\/wp-json\/wp\/v2\/pages"}],"about":[{"href":"https:\/\/reitverein-beromuenster.ch\/index.php\/wp-json\/wp\/v2\/types\/page"}],"author":[{"embeddable":true,"href":"https:\/\/reitverein-beromuenster.ch\/index.php\/wp-json\/wp\/v2\/users\/2"}],"replies":[{"embeddable":true,"href":"https:\/\/reitverein-beromuenster.ch\/index.php\/wp-json\/wp\/v2\/comments?post=899"}],"version-history":[{"count":41,"href":"https:\/\/reitverein-beromuenster.ch\/index.php\/wp-json\/wp\/v2\/pages\/899\/revisions"}],"predecessor-version":[{"id":1151,"href":"https:\/\/reitverein-beromuenster.ch\/index.php\/wp-json\/wp\/v2\/pages\/899\/revisions\/1151"}],"wp:attachment":[{"href":"https:\/\/reitverein-beromuenster.ch\/index.php\/wp-json\/wp\/v2\/media?parent=899"}],"curies":[{"name":"wp","href":"https:\/\/api.w.org\/{rel}","templated":true}]}}