{"id":905,"date":"2026-04-21T08:34:40","date_gmt":"2026-04-21T08:34:40","guid":{"rendered":"http:\/\/rvbero.ascendra.ch\/?page_id=905"},"modified":"2026-04-23T13:51:13","modified_gmt":"2026-04-23T13:51:13","slug":"infrastruktur","status":"publish","type":"page","link":"https:\/\/reitverein-beromuenster.ch\/index.php\/infrastruktur\/","title":{"rendered":"Infrastruktur"},"content":{"rendered":"\t\t<div data-elementor-type=\"wp-post\" data-elementor-id=\"905\" class=\"elementor elementor-905\">\n\t\t\t\t\t\t<section class=\"elementor-section elementor-top-section elementor-element elementor-element-1e447b27 elementor-section-height-min-height elementor-section-boxed elementor-section-height-default elementor-section-items-middle\" data-id=\"1e447b27\" data-element_type=\"section\" data-e-type=\"section\" data-settings=\"{&quot;background_background&quot;:&quot;classic&quot;}\">\n\t\t\t\t\t\t\t<div class=\"elementor-background-overlay\"><\/div>\n\t\t\t\t\t\t\t<div class=\"elementor-container elementor-column-gap-default\">\n\t\t\t\t\t<div class=\"elementor-column elementor-col-50 elementor-top-column elementor-element elementor-element-38bbab83\" data-id=\"38bbab83\" data-element_type=\"column\" data-e-type=\"column\">\n\t\t\t<div class=\"elementor-widget-wrap\">\n\t\t\t\t\t\t\t<\/div>\n\t\t<\/div>\n\t\t\t\t<div class=\"elementor-column elementor-col-50 elementor-top-column elementor-element elementor-element-5acfd86c\" data-id=\"5acfd86c\" data-element_type=\"column\" data-e-type=\"column\" data-settings=\"{&quot;background_background&quot;:&quot;classic&quot;}\">\n\t\t\t<div class=\"elementor-widget-wrap elementor-element-populated\">\n\t\t\t\t\t\t<div class=\"elementor-element elementor-element-d54a1d2 elementor-widget elementor-widget-heading\" data-id=\"d54a1d2\" data-element_type=\"widget\" data-e-type=\"widget\" data-widget_type=\"heading.default\">\n\t\t\t\t\t<h1 class=\"elementor-heading-title elementor-size-default\">Infrastruktur<\/h1>\t\t\t\t<\/div>\n\t\t\t\t<div class=\"elementor-element elementor-element-4ce819b9 elementor-widget-divider--view-line elementor-widget elementor-widget-divider\" data-id=\"4ce819b9\" data-element_type=\"widget\" data-e-type=\"widget\" data-widget_type=\"divider.default\">\n\t\t\t\t\t\t\t<div class=\"elementor-divider\">\n\t\t\t<span class=\"elementor-divider-separator\">\n\t\t\t\t\t\t<\/span>\n\t\t<\/div>\n\t\t\t\t\t\t<\/div>\n\t\t\t\t<div class=\"elementor-element elementor-element-2c94280b elementor-widget elementor-widget-text-editor\" data-id=\"2c94280b\" data-element_type=\"widget\" data-e-type=\"widget\" data-widget_type=\"text-editor.default\">\n\t\t\t\t\t\t\t\t\t<p>Der Reitverein Berom\u00fcnster verf\u00fcgt \u00fcber einen Aussenplatz von 42x60m sowie einer Reithalle mit 25&#215;50 m Gr\u00f6sse.<\/p>\t\t\t\t\t\t\t\t<\/div>\n\t\t\t\t\t<\/div>\n\t\t<\/div>\n\t\t\t\t\t<\/div>\n\t\t<\/section>\n\t\t\t\t<section class=\"elementor-section elementor-top-section elementor-element elementor-element-62f33b9d elementor-section-boxed elementor-section-height-default elementor-section-height-default\" data-id=\"62f33b9d\" data-element_type=\"section\" data-e-type=\"section\" data-settings=\"{&quot;background_background&quot;:&quot;classic&quot;}\">\n\t\t\t\t\t\t<div class=\"elementor-container elementor-column-gap-default\">\n\t\t\t\t\t<div class=\"elementor-column elementor-col-100 elementor-top-column elementor-element elementor-element-444a16ac\" data-id=\"444a16ac\" data-element_type=\"column\" data-e-type=\"column\">\n\t\t\t<div class=\"elementor-widget-wrap elementor-element-populated\">\n\t\t\t\t\t\t<div class=\"elementor-element elementor-element-8044bc5 elementor-widget elementor-widget-heading\" data-id=\"8044bc5\" data-element_type=\"widget\" data-e-type=\"widget\" data-widget_type=\"heading.default\">\n\t\t\t\t\t<h2 class=\"elementor-heading-title elementor-size-default\">Infrastruktur<\/h2>\t\t\t\t<\/div>\n\t\t\t\t<div class=\"elementor-element elementor-element-75251ecb elementor-widget elementor-widget-text-editor\" data-id=\"75251ecb\" data-element_type=\"widget\" data-e-type=\"widget\" data-widget_type=\"text-editor.default\">\n\t\t\t\t\t\t\t\t\t<div id=\"cc-m-13309991149\" class=\"j-module n j-text \"><p>Wir verf\u00fcgen \u00fcber eine Moderne Infrastruktur mit Reithalle und Reitplatz. Direkt neben dem Aussenplatz und der Reithalle steht ein grosser Parkplatz f\u00fcr Pferdetransporter und Fahrzeuge mit Anh\u00e4nger zur Verf\u00fcgung. Achtung: Der Parkplatz ist seit M\u00e4rz 2024 kostenpflichtig.<\/p><\/div>\t\t\t\t\t\t\t\t<\/div>\n\t\t\t\t\t<\/div>\n\t\t<\/div>\n\t\t\t\t\t<\/div>\n\t\t<\/section>\n\t\t\t\t<section class=\"elementor-section elementor-top-section elementor-element elementor-element-4b07b0f2 elementor-section-boxed elementor-section-height-default elementor-section-height-default\" data-id=\"4b07b0f2\" data-element_type=\"section\" data-e-type=\"section\" data-settings=\"{&quot;background_background&quot;:&quot;classic&quot;}\">\n\t\t\t\t\t\t<div class=\"elementor-container elementor-column-gap-default\">\n\t\t\t\t\t<div class=\"elementor-column elementor-col-50 elementor-top-column elementor-element elementor-element-47b4c896\" data-id=\"47b4c896\" data-element_type=\"column\" data-e-type=\"column\">\n\t\t\t<div class=\"elementor-widget-wrap elementor-element-populated\">\n\t\t\t\t\t\t<div class=\"elementor-element elementor-element-48f14038 elementor-vertical-align-top elementor-widget elementor-widget-image-box\" data-id=\"48f14038\" data-element_type=\"widget\" data-e-type=\"widget\" data-widget_type=\"image-box.default\">\n\t\t\t\t\t<div class=\"elementor-image-box-wrapper\"><figure class=\"elementor-image-box-img\"><img fetchpriority=\"high\" decoding=\"async\" width=\"1229\" height=\"694\" src=\"https:\/\/reitverein-beromuenster.ch\/wp-content\/uploads\/2026\/04\/Reithalle.jpg\" class=\"attachment-full size-full wp-image-909\" alt=\"\" srcset=\"https:\/\/reitverein-beromuenster.ch\/wp-content\/uploads\/2026\/04\/Reithalle.jpg 1229w, https:\/\/reitverein-beromuenster.ch\/wp-content\/uploads\/2026\/04\/Reithalle-300x169.jpg 300w, https:\/\/reitverein-beromuenster.ch\/wp-content\/uploads\/2026\/04\/Reithalle-1024x578.jpg 1024w, https:\/\/reitverein-beromuenster.ch\/wp-content\/uploads\/2026\/04\/Reithalle-768x434.jpg 768w\" sizes=\"(max-width: 1229px) 100vw, 1229px\" \/><\/figure><div class=\"elementor-image-box-content\"><h3 class=\"elementor-image-box-title\">Reithalle<\/h3><p class=\"elementor-image-box-description\">Unsere Reithalle ist 25x50 m gross und ist optimal geeignet f\u00fcr das t\u00e4gliche Training. 2025 hat die Reithalle einen neuen Boden bekommen. <\/p><\/div><\/div>\t\t\t\t<\/div>\n\t\t\t\t\t<\/div>\n\t\t<\/div>\n\t\t\t\t<div class=\"elementor-column elementor-col-50 elementor-top-column elementor-element elementor-element-53241b7a\" data-id=\"53241b7a\" data-element_type=\"column\" data-e-type=\"column\">\n\t\t\t<div class=\"elementor-widget-wrap elementor-element-populated\">\n\t\t\t\t\t\t<div class=\"elementor-element elementor-element-6ff9a8bd elementor-vertical-align-top elementor-widget elementor-widget-image-box\" data-id=\"6ff9a8bd\" data-element_type=\"widget\" data-e-type=\"widget\" data-widget_type=\"image-box.default\">\n\t\t\t\t\t<div class=\"elementor-image-box-wrapper\"><figure class=\"elementor-image-box-img\"><img decoding=\"async\" width=\"1116\" height=\"366\" src=\"https:\/\/reitverein-beromuenster.ch\/wp-content\/uploads\/2026\/04\/Aussenplatz.jpg\" class=\"attachment-full size-full wp-image-908\" alt=\"\" srcset=\"https:\/\/reitverein-beromuenster.ch\/wp-content\/uploads\/2026\/04\/Aussenplatz.jpg 1116w, https:\/\/reitverein-beromuenster.ch\/wp-content\/uploads\/2026\/04\/Aussenplatz-300x98.jpg 300w, https:\/\/reitverein-beromuenster.ch\/wp-content\/uploads\/2026\/04\/Aussenplatz-1024x336.jpg 1024w, https:\/\/reitverein-beromuenster.ch\/wp-content\/uploads\/2026\/04\/Aussenplatz-768x252.jpg 768w\" sizes=\"(max-width: 1116px) 100vw, 1116px\" \/><\/figure><div class=\"elementor-image-box-content\"><h3 class=\"elementor-image-box-title\">Reitplatz<\/h3><p class=\"elementor-image-box-description\">Unser Aussenplatz ist 42x60 m gross und bei jedem Wetter optimal geeignet f\u00fcr Trainingszwecke oder f\u00fcr Anl\u00e4sse, wie zum Beispiel die Pferdesporttage in Berom\u00fcnster. <\/p><\/div><\/div>\t\t\t\t<\/div>\n\t\t\t\t\t<\/div>\n\t\t<\/div>\n\t\t\t\t\t<\/div>\n\t\t<\/section>\n\t\t\t\t<section class=\"elementor-section elementor-top-section elementor-element elementor-element-78906903 elementor-section-boxed elementor-section-height-default elementor-section-height-default\" data-id=\"78906903\" data-element_type=\"section\" data-e-type=\"section\" data-settings=\"{&quot;background_background&quot;:&quot;classic&quot;}\">\n\t\t\t\t\t\t<div class=\"elementor-container elementor-column-gap-default\">\n\t\t\t\t\t<div class=\"elementor-column elementor-col-100 elementor-top-column elementor-element elementor-element-1374417b\" data-id=\"1374417b\" data-element_type=\"column\" data-e-type=\"column\">\n\t\t\t<div class=\"elementor-widget-wrap elementor-element-populated\">\n\t\t\t\t\t\t<div class=\"elementor-element elementor-element-29f09066 elementor-widget-divider--view-line elementor-widget elementor-widget-divider\" data-id=\"29f09066\" data-element_type=\"widget\" data-e-type=\"widget\" data-widget_type=\"divider.default\">\n\t\t\t\t\t\t\t<div class=\"elementor-divider\">\n\t\t\t<span class=\"elementor-divider-separator\">\n\t\t\t\t\t\t<\/span>\n\t\t<\/div>\n\t\t\t\t\t\t<\/div>\n\t\t\t\t\t<\/div>\n\t\t<\/div>\n\t\t\t\t\t<\/div>\n\t\t<\/section>\n\t\t\t\t<section class=\"elementor-section elementor-top-section elementor-element elementor-element-30bc7dd2 elementor-section-content-middle elementor-hidden-phone elementor-section-full_width elementor-section-height-default elementor-section-height-default\" data-id=\"30bc7dd2\" data-element_type=\"section\" data-e-type=\"section\" data-settings=\"{&quot;background_background&quot;:&quot;classic&quot;}\">\n\t\t\t\t\t\t\t<div class=\"elementor-background-overlay\"><\/div>\n\t\t\t\t\t\t\t<div class=\"elementor-container elementor-column-gap-default\">\n\t\t\t\t\t<div class=\"elementor-column elementor-col-50 elementor-top-column elementor-element elementor-element-48f6f200\" data-id=\"48f6f200\" data-element_type=\"column\" data-e-type=\"column\" data-settings=\"{&quot;background_background&quot;:&quot;classic&quot;}\">\n\t\t\t<div class=\"elementor-widget-wrap elementor-element-populated\">\n\t\t\t\t\t\t<section class=\"elementor-section elementor-inner-section elementor-element elementor-element-7df8cea3 elementor-section-boxed elementor-section-height-default elementor-section-height-default\" data-id=\"7df8cea3\" data-element_type=\"section\" data-e-type=\"section\">\n\t\t\t\t\t\t<div class=\"elementor-container elementor-column-gap-default\">\n\t\t\t\t\t<div class=\"elementor-column elementor-col-100 elementor-inner-column elementor-element elementor-element-5c7be962\" data-id=\"5c7be962\" data-element_type=\"column\" data-e-type=\"column\" data-settings=\"{&quot;background_background&quot;:&quot;classic&quot;}\">\n\t\t\t<div class=\"elementor-widget-wrap elementor-element-populated\">\n\t\t\t\t\t\t<div class=\"elementor-element elementor-element-2117608c elementor-widget elementor-widget-image\" data-id=\"2117608c\" data-element_type=\"widget\" data-e-type=\"widget\" data-widget_type=\"image.default\">\n\t\t\t\t\t\t\t\t\t\t\t\t\t\t\t<img decoding=\"async\" width=\"399\" height=\"401\" src=\"https:\/\/reitverein-beromuenster.ch\/wp-content\/uploads\/2026\/04\/SilviaStocker.jpg\" class=\"attachment-full size-full wp-image-910\" alt=\"\" srcset=\"https:\/\/reitverein-beromuenster.ch\/wp-content\/uploads\/2026\/04\/SilviaStocker.jpg 399w, https:\/\/reitverein-beromuenster.ch\/wp-content\/uploads\/2026\/04\/SilviaStocker-150x150.jpg 150w\" sizes=\"(max-width: 399px) 100vw, 399px\" \/>\t\t\t\t\t\t\t\t\t\t\t\t\t\t\t<\/div>\n\t\t\t\t<div class=\"elementor-element elementor-element-7bd03b8 elementor-widget elementor-widget-heading\" data-id=\"7bd03b8\" data-element_type=\"widget\" data-e-type=\"widget\" data-widget_type=\"heading.default\">\n\t\t\t\t\t<h2 class=\"elementor-heading-title elementor-size-default\">Kontakt f\u00fcr Reserveration<\/h2>\t\t\t\t<\/div>\n\t\t\t\t<div class=\"elementor-element elementor-element-7fb9db00 elementor-widget-divider--view-line elementor-widget elementor-widget-divider\" data-id=\"7fb9db00\" data-element_type=\"widget\" data-e-type=\"widget\" data-widget_type=\"divider.default\">\n\t\t\t\t\t\t\t<div class=\"elementor-divider\">\n\t\t\t<span class=\"elementor-divider-separator\">\n\t\t\t\t\t\t<\/span>\n\t\t<\/div>\n\t\t\t\t\t\t<\/div>\n\t\t\t\t<div class=\"elementor-element elementor-element-3dbf13b9 elementor-widget elementor-widget-text-editor\" data-id=\"3dbf13b9\" data-element_type=\"widget\" data-e-type=\"widget\" data-widget_type=\"text-editor.default\">\n\t\t\t\t\t\t\t\t\t<p>Silvia Stocker\u00a0<\/p><p>Tel: 079 686 06 34<\/p>\t\t\t\t\t\t\t\t<\/div>\n\t\t\t\t<div class=\"elementor-element elementor-element-36fa0fdf elementor-align-center elementor-widget elementor-widget-button\" data-id=\"36fa0fdf\" data-element_type=\"widget\" data-e-type=\"widget\" data-widget_type=\"button.default\">\n\t\t\t\t\t\t\t\t\t\t<a class=\"elementor-button elementor-button-link elementor-size-sm\" href=\"#\">\n\t\t\t\t\t\t<span class=\"elementor-button-content-wrapper\">\n\t\t\t\t\t\t<span class=\"elementor-button-icon\">\n\t\t\t\t<svg aria-hidden=\"true\" class=\"e-font-icon-svg e-fas-long-arrow-alt-right\" viewBox=\"0 0 448 512\" xmlns=\"http:\/\/www.w3.org\/2000\/svg\"><path d=\"M313.941 216H12c-6.627 0-12 5.373-12 12v56c0 6.627 5.373 12 12 12h301.941v46.059c0 21.382 25.851 32.09 40.971 16.971l86.059-86.059c9.373-9.373 9.373-24.569 0-33.941l-86.059-86.059c-15.119-15.119-40.971-4.411-40.971 16.971V216z\"><\/path><\/svg>\t\t\t<\/span>\n\t\t\t\t\t\t\t\t\t<span class=\"elementor-button-text\">silviastocker1@bluewin.ch<\/span>\n\t\t\t\t\t<\/span>\n\t\t\t\t\t<\/a>\n\t\t\t\t\t\t\t\t<\/div>\n\t\t\t\t\t<\/div>\n\t\t<\/div>\n\t\t\t\t\t<\/div>\n\t\t<\/section>\n\t\t\t\t\t<\/div>\n\t\t<\/div>\n\t\t\t\t<div class=\"elementor-column elementor-col-50 elementor-top-column elementor-element elementor-element-5938cd69\" data-id=\"5938cd69\" data-element_type=\"column\" data-e-type=\"column\" data-settings=\"{&quot;background_background&quot;:&quot;classic&quot;}\">\n\t\t\t<div class=\"elementor-widget-wrap elementor-element-populated\">\n\t\t\t\t\t\t<div class=\"elementor-element elementor-element-698ba9e4 elementor-widget elementor-widget-heading\" data-id=\"698ba9e4\" data-element_type=\"widget\" data-e-type=\"widget\" data-widget_type=\"heading.default\">\n\t\t\t\t\t<h2 class=\"elementor-heading-title elementor-size-default\">Bentzungsgeb\u00fchren<\/h2>\t\t\t\t<\/div>\n\t\t\t\t<div class=\"elementor-element elementor-element-4b162a9a elementor-widget elementor-widget-text-editor\" data-id=\"4b162a9a\" data-element_type=\"widget\" data-e-type=\"widget\" data-widget_type=\"text-editor.default\">\n\t\t\t\t\t\t\t\t\t<p>\u00dcberweisungen an: IBAN CH17 8117 0000 0021 2530 1<\/p>\t\t\t\t\t\t\t\t<\/div>\n\t\t\t\t<div class=\"elementor-element elementor-element-4d14aa1b elementor-position-left custom-icon-boxes elementor-vertical-align-top elementor-widget elementor-widget-image-box\" data-id=\"4d14aa1b\" data-element_type=\"widget\" data-e-type=\"widget\" data-widget_type=\"image-box.default\">\n\t\t\t\t\t<div class=\"elementor-image-box-wrapper\"><figure class=\"elementor-image-box-img\"><img loading=\"lazy\" decoding=\"async\" width=\"536\" height=\"492\" src=\"https:\/\/reitverein-beromuenster.ch\/wp-content\/uploads\/2026\/04\/icon_aktivmitglied.png\" class=\"attachment-full size-full wp-image-1035\" alt=\"\" srcset=\"https:\/\/reitverein-beromuenster.ch\/wp-content\/uploads\/2026\/04\/icon_aktivmitglied.png 536w, https:\/\/reitverein-beromuenster.ch\/wp-content\/uploads\/2026\/04\/icon_aktivmitglied-300x275.png 300w\" sizes=\"(max-width: 536px) 100vw, 536px\" \/><\/figure><div class=\"elementor-image-box-content\"><h3 class=\"elementor-image-box-title\">Aktiv- und Ehrenmitglieder<\/h3><p class=\"elementor-image-box-description\">bis zwei Pferde CHF 300\n\nab drei Pferde CHF 600\n\nab sechs Pferde CHF 900<\/p><\/div><\/div>\t\t\t\t<\/div>\n\t\t\t\t<div class=\"elementor-element elementor-element-39dee651 elementor-position-left custom-icon-boxes elementor-vertical-align-top elementor-widget elementor-widget-image-box\" data-id=\"39dee651\" data-element_type=\"widget\" data-e-type=\"widget\" data-widget_type=\"image-box.default\">\n\t\t\t\t\t<div class=\"elementor-image-box-wrapper\"><figure class=\"elementor-image-box-img\"><img loading=\"lazy\" decoding=\"async\" width=\"435\" height=\"415\" src=\"https:\/\/reitverein-beromuenster.ch\/wp-content\/uploads\/2026\/04\/icon_junioren.png\" class=\"attachment-full size-full wp-image-1032\" alt=\"\" srcset=\"https:\/\/reitverein-beromuenster.ch\/wp-content\/uploads\/2026\/04\/icon_junioren.png 435w, https:\/\/reitverein-beromuenster.ch\/wp-content\/uploads\/2026\/04\/icon_junioren-300x286.png 300w\" sizes=\"(max-width: 435px) 100vw, 435px\" \/><\/figure><div class=\"elementor-image-box-content\"><h3 class=\"elementor-image-box-title\">Junioren<\/h3><p class=\"elementor-image-box-description\">bis zwei Pferde CHF 150\nab drei Pferde CHF 300\nab sechs Pferde CHF 450<\/p><\/div><\/div>\t\t\t\t<\/div>\n\t\t\t\t<div class=\"elementor-element elementor-element-1cf89493 elementor-position-left custom-icon-boxes elementor-vertical-align-top elementor-widget elementor-widget-image-box\" data-id=\"1cf89493\" data-element_type=\"widget\" data-e-type=\"widget\" data-widget_type=\"image-box.default\">\n\t\t\t\t\t<div class=\"elementor-image-box-wrapper\"><figure class=\"elementor-image-box-img\"><img loading=\"lazy\" decoding=\"async\" width=\"1024\" height=\"1024\" src=\"https:\/\/reitverein-beromuenster.ch\/wp-content\/uploads\/2026\/04\/icon_Gaeste.png\" class=\"attachment-full size-full wp-image-1058\" alt=\"\" srcset=\"https:\/\/reitverein-beromuenster.ch\/wp-content\/uploads\/2026\/04\/icon_Gaeste.png 1024w, https:\/\/reitverein-beromuenster.ch\/wp-content\/uploads\/2026\/04\/icon_Gaeste-300x300.png 300w, https:\/\/reitverein-beromuenster.ch\/wp-content\/uploads\/2026\/04\/icon_Gaeste-150x150.png 150w, https:\/\/reitverein-beromuenster.ch\/wp-content\/uploads\/2026\/04\/icon_Gaeste-768x768.png 768w, https:\/\/reitverein-beromuenster.ch\/wp-content\/uploads\/2026\/04\/icon_Gaeste-600x600.png 600w\" sizes=\"(max-width: 1024px) 100vw, 1024px\" \/><\/figure><div class=\"elementor-image-box-content\"><h3 class=\"elementor-image-box-title\">Einzel- \/ Fremdplatzben\u00fctzung pro Pferd<\/h3><p class=\"elementor-image-box-description\">Mitglieder CHF 20\nExterne CHF 30<\/p><\/div><\/div>\t\t\t\t<\/div>\n\t\t\t\t\t<\/div>\n\t\t<\/div>\n\t\t\t\t\t<\/div>\n\t\t<\/section>\n\t\t\t\t<section class=\"elementor-section elementor-top-section elementor-element elementor-element-2498c9c elementor-section-boxed elementor-section-height-default elementor-section-height-default\" data-id=\"2498c9c\" data-element_type=\"section\" data-e-type=\"section\" data-settings=\"{&quot;background_background&quot;:&quot;classic&quot;}\">\n\t\t\t\t\t\t<div class=\"elementor-container elementor-column-gap-default\">\n\t\t\t\t\t<div class=\"elementor-column elementor-col-100 elementor-top-column elementor-element elementor-element-713cff4e\" data-id=\"713cff4e\" data-element_type=\"column\" data-e-type=\"column\">\n\t\t\t<div class=\"elementor-widget-wrap elementor-element-populated\">\n\t\t\t\t\t\t<div class=\"elementor-element elementor-element-5db5d0b9 elementor-widget elementor-widget-heading\" data-id=\"5db5d0b9\" data-element_type=\"widget\" data-e-type=\"widget\" data-widget_type=\"heading.default\">\n\t\t\t\t\t<h2 class=\"elementor-heading-title elementor-size-default\">Belegungsplan<\/h2>\t\t\t\t<\/div>\n\t\t\t\t\t<\/div>\n\t\t<\/div>\n\t\t\t\t\t<\/div>\n\t\t<\/section>\n\t\t\t\t<section class=\"elementor-section elementor-top-section elementor-element elementor-element-24afa3fe elementor-section-boxed elementor-section-height-default elementor-section-height-default\" data-id=\"24afa3fe\" data-element_type=\"section\" data-e-type=\"section\" data-settings=\"{&quot;background_background&quot;:&quot;classic&quot;}\">\n\t\t\t\t\t\t<div class=\"elementor-container elementor-column-gap-default\">\n\t\t\t\t\t<div class=\"elementor-column elementor-col-50 elementor-top-column elementor-element elementor-element-1c20c661\" data-id=\"1c20c661\" data-element_type=\"column\" data-e-type=\"column\">\n\t\t\t<div class=\"elementor-widget-wrap elementor-element-populated\">\n\t\t\t\t\t\t<div class=\"elementor-element elementor-element-264d369d elementor-widget elementor-widget-testimonial\" data-id=\"264d369d\" data-element_type=\"widget\" data-e-type=\"widget\" data-widget_type=\"testimonial.default\">\n\t\t\t\t\t\t\t<div class=\"elementor-testimonial-wrapper\">\n\t\t\t\t\t\t\t<div class=\"elementor-testimonial-content\">Reservation \u00fcber das System f\u00fcr Vereinsmitglieder.\nBitte alle Kurse, Trainings, Freispringen usw. im Kalender eintragen.\nEine Reservation der gesamten Anlage muss beim Vorstand angefragt werden und ist durch diesen zu genehmigen. Reservationen werden - falls m\u00f6glich - fr\u00fchzeitig bekannt gegeben.\n\n\n<\/div>\n\t\t\t\n\t\t\t\t\t\t<div class=\"elementor-testimonial-meta elementor-has-image elementor-testimonial-image-position-aside\">\n\t\t\t\t<div class=\"elementor-testimonial-meta-inner\">\n\t\t\t\t\t\t\t\t\t\t\t<div class=\"elementor-testimonial-image\">\n\t\t\t\t\t\t\t<img loading=\"lazy\" decoding=\"async\" width=\"804\" height=\"800\" src=\"https:\/\/reitverein-beromuenster.ch\/wp-content\/uploads\/2026\/04\/Kalender_Icon.png\" class=\"attachment-full size-full wp-image-915\" alt=\"\" srcset=\"https:\/\/reitverein-beromuenster.ch\/wp-content\/uploads\/2026\/04\/Kalender_Icon.png 804w, https:\/\/reitverein-beromuenster.ch\/wp-content\/uploads\/2026\/04\/Kalender_Icon-300x300.png 300w, https:\/\/reitverein-beromuenster.ch\/wp-content\/uploads\/2026\/04\/Kalender_Icon-150x150.png 150w, https:\/\/reitverein-beromuenster.ch\/wp-content\/uploads\/2026\/04\/Kalender_Icon-768x764.png 768w\" sizes=\"(max-width: 804px) 100vw, 804px\" \/>\t\t\t\t\t\t<\/div>\n\t\t\t\t\t\n\t\t\t\t\t\t\t\t\t\t<div class=\"elementor-testimonial-details\">\n\t\t\t\t\t\t\t\t\t\t\t\t\t\t<div class=\"elementor-testimonial-name\">Nickname: beromuenster<\/div>\n\t\t\t\t\t\t\t\t\t\t\t\t\t\t\t\t\t\t\t\t\t\t<div class=\"elementor-testimonial-job\">Passwort: Reitverein_01<\/div>\n\t\t\t\t\t\t\t\t\t\t\t\t\t<\/div>\n\t\t\t\t\t\t\t\t\t<\/div>\n\t\t\t<\/div>\n\t\t\t\t\t<\/div>\n\t\t\t\t\t\t<\/div>\n\t\t\t\t<div class=\"elementor-element elementor-element-a9c34dc elementor-align-center elementor-widget elementor-widget-button\" data-id=\"a9c34dc\" data-element_type=\"widget\" data-e-type=\"widget\" data-widget_type=\"button.default\">\n\t\t\t\t\t\t\t\t\t\t<a class=\"elementor-button elementor-button-link elementor-size-sm\" href=\"https:\/\/www.ikalender.com\/kalender-beromuenster\/mein-kalender.sp.14.html\">\n\t\t\t\t\t\t<span class=\"elementor-button-content-wrapper\">\n\t\t\t\t\t\t<span class=\"elementor-button-icon\">\n\t\t\t\t<svg aria-hidden=\"true\" class=\"e-font-icon-svg e-fas-long-arrow-alt-right\" viewBox=\"0 0 448 512\" xmlns=\"http:\/\/www.w3.org\/2000\/svg\"><path d=\"M313.941 216H12c-6.627 0-12 5.373-12 12v56c0 6.627 5.373 12 12 12h301.941v46.059c0 21.382 25.851 32.09 40.971 16.971l86.059-86.059c9.373-9.373 9.373-24.569 0-33.941l-86.059-86.059c-15.119-15.119-40.971-4.411-40.971 16.971V216z\"><\/path><\/svg>\t\t\t<\/span>\n\t\t\t\t\t\t\t\t\t<span class=\"elementor-button-text\">Link zum Reservationssystem<\/span>\n\t\t\t\t\t<\/span>\n\t\t\t\t\t<\/a>\n\t\t\t\t\t\t\t\t<\/div>\n\t\t\t\t\t<\/div>\n\t\t<\/div>\n\t\t\t\t<div class=\"elementor-column elementor-col-50 elementor-top-column elementor-element elementor-element-106246ca\" data-id=\"106246ca\" data-element_type=\"column\" data-e-type=\"column\">\n\t\t\t<div class=\"elementor-widget-wrap elementor-element-populated\">\n\t\t\t\t\t\t<div class=\"elementor-element elementor-element-3d4ab5fd elementor-widget elementor-widget-testimonial\" data-id=\"3d4ab5fd\" data-element_type=\"widget\" data-e-type=\"widget\" data-widget_type=\"testimonial.default\">\n\t\t\t\t\t\t\t<div class=\"elementor-testimonial-wrapper\">\n\t\t\t\t\t\t\t<div class=\"elementor-testimonial-content\">Fremdplatzben\u00fctzungen k\u00f6nnen \u00fcber Silvia Stocker (079 686 06 34) angefragt werden. Bitte nicht selbst\u00e4ndig im Kalender eintragen.<\/div>\n\t\t\t\n\t\t\t\t\t\t<div class=\"elementor-testimonial-meta elementor-has-image elementor-testimonial-image-position-aside\">\n\t\t\t\t<div class=\"elementor-testimonial-meta-inner\">\n\t\t\t\t\t\t\t\t\t\t\t<div class=\"elementor-testimonial-image\">\n\t\t\t\t\t\t\t<img decoding=\"async\" width=\"399\" height=\"401\" src=\"https:\/\/reitverein-beromuenster.ch\/wp-content\/uploads\/2026\/04\/SilviaStocker.jpg\" class=\"attachment-full size-full wp-image-910\" alt=\"\" srcset=\"https:\/\/reitverein-beromuenster.ch\/wp-content\/uploads\/2026\/04\/SilviaStocker.jpg 399w, https:\/\/reitverein-beromuenster.ch\/wp-content\/uploads\/2026\/04\/SilviaStocker-150x150.jpg 150w\" sizes=\"(max-width: 399px) 100vw, 399px\" \/>\t\t\t\t\t\t<\/div>\n\t\t\t\t\t\n\t\t\t\t\t\t\t\t\t\t<div class=\"elementor-testimonial-details\">\n\t\t\t\t\t\t\t\t\t\t\t\t\t\t<div class=\"elementor-testimonial-name\">Silvia Stocker<\/div>\n\t\t\t\t\t\t\t\t\t\t\t\t\t\t\t\t\t\t\t\t\t\t<div class=\"elementor-testimonial-job\">silviastocker1@bluewin.ch<\/div>\n\t\t\t\t\t\t\t\t\t\t\t\t\t<\/div>\n\t\t\t\t\t\t\t\t\t<\/div>\n\t\t\t<\/div>\n\t\t\t\t\t<\/div>\n\t\t\t\t\t\t<\/div>\n\t\t\t\t\t<\/div>\n\t\t<\/div>\n\t\t\t\t\t<\/div>\n\t\t<\/section>\n\t\t\t\t<section class=\"elementor-section elementor-top-section elementor-element elementor-element-c3611f5 elementor-section-boxed elementor-section-height-default elementor-section-height-default\" data-id=\"c3611f5\" data-element_type=\"section\" data-e-type=\"section\" data-settings=\"{&quot;background_background&quot;:&quot;classic&quot;}\">\n\t\t\t\t\t\t<div class=\"elementor-container elementor-column-gap-default\">\n\t\t\t\t\t<div class=\"elementor-column elementor-col-100 elementor-top-column elementor-element elementor-element-2eb4d6b2\" data-id=\"2eb4d6b2\" data-element_type=\"column\" data-e-type=\"column\">\n\t\t\t<div class=\"elementor-widget-wrap elementor-element-populated\">\n\t\t\t\t\t\t<div class=\"elementor-element elementor-element-363f99d9 elementor-widget elementor-widget-heading\" data-id=\"363f99d9\" data-element_type=\"widget\" data-e-type=\"widget\" data-widget_type=\"heading.default\">\n\t\t\t\t\t<h2 class=\"elementor-heading-title elementor-size-default\">Reglement Reitanlage<\/h2>\t\t\t\t<\/div>\n\t\t\t\t<div class=\"elementor-element elementor-element-77576691 elementor-widget elementor-widget-text-editor\" data-id=\"77576691\" data-element_type=\"widget\" data-e-type=\"widget\" data-widget_type=\"text-editor.default\">\n\t\t\t\t\t\t\t\t\t<p>Die Benutzung der Reitanlage des Reitvereins Berom\u00fcnster ist nur f\u00fcr Berechtigte gestattet.\u00a0<\/p><p>Die Berechtigung wird Pro Reiter\/in mit dem entsprechenden Schl\u00fcssel erteilt und ist nicht \u00fcbertragbar. Die Schl\u00fcssel k\u00f6nnen gegen Barzahlung bei Silvia Stocker bezogen werden. Wir bitten Fremdbenutzer der Reitanlage, sich in jedem Fall vorg\u00e4ngig bei Silvia Stocker zu melden und die Reitanlage nicht einfach zu benutzen.\u00a0<\/p>\t\t\t\t\t\t\t\t<\/div>\n\t\t\t\t<div class=\"elementor-element elementor-element-4b7ce5f elementor-align-center elementor-widget elementor-widget-button\" data-id=\"4b7ce5f\" data-element_type=\"widget\" data-e-type=\"widget\" data-widget_type=\"button.default\">\n\t\t\t\t\t\t\t\t\t\t<a class=\"elementor-button elementor-button-link elementor-size-sm\" href=\"\/wp-content\/uploads\/2026\/04\/Reglement-Vereinsmeisterschaft_V2026.pdf\" target=\"_blank\">\n\t\t\t\t\t\t<span class=\"elementor-button-content-wrapper\">\n\t\t\t\t\t\t<span class=\"elementor-button-icon\">\n\t\t\t\t<svg aria-hidden=\"true\" class=\"e-font-icon-svg e-fas-long-arrow-alt-right\" viewBox=\"0 0 448 512\" xmlns=\"http:\/\/www.w3.org\/2000\/svg\"><path d=\"M313.941 216H12c-6.627 0-12 5.373-12 12v56c0 6.627 5.373 12 12 12h301.941v46.059c0 21.382 25.851 32.09 40.971 16.971l86.059-86.059c9.373-9.373 9.373-24.569 0-33.941l-86.059-86.059c-15.119-15.119-40.971-4.411-40.971 16.971V216z\"><\/path><\/svg>\t\t\t<\/span>\n\t\t\t\t\t\t\t\t\t<span class=\"elementor-button-text\">Reglement<\/span>\n\t\t\t\t\t<\/span>\n\t\t\t\t\t<\/a>\n\t\t\t\t\t\t\t\t<\/div>\n\t\t\t\t\t<\/div>\n\t\t<\/div>\n\t\t\t\t\t<\/div>\n\t\t<\/section>\n\t\t\t\t<section class=\"elementor-section elementor-top-section elementor-element elementor-element-39293833 elementor-section-full_width elementor-section-height-default elementor-section-height-default\" data-id=\"39293833\" data-element_type=\"section\" data-e-type=\"section\">\n\t\t\t\t\t\t<div class=\"elementor-container elementor-column-gap-default\">\n\t\t\t\t\t<div class=\"elementor-column elementor-col-100 elementor-top-column elementor-element elementor-element-353cf8db\" data-id=\"353cf8db\" data-element_type=\"column\" data-e-type=\"column\">\n\t\t\t<div class=\"elementor-widget-wrap elementor-element-populated\">\n\t\t\t\t\t\t<div class=\"elementor-element elementor-element-785c9c12 elementor-widget elementor-widget-google_maps\" data-id=\"785c9c12\" data-element_type=\"widget\" data-e-type=\"widget\" data-widget_type=\"google_maps.default\">\n\t\t\t\t\t\t\t<div class=\"elementor-custom-embed\">\n\t\t\t<iframe loading=\"lazy\"\n\t\t\t\t\tsrc=\"https:\/\/maps.google.com\/maps?q=Reitplatz%20Berom%C3%BCnster&#038;t=m&#038;z=14&#038;output=embed&#038;iwloc=near\"\n\t\t\t\t\ttitle=\"Reitplatz Berom\u00fcnster\"\n\t\t\t\t\taria-label=\"Reitplatz Berom\u00fcnster\"\n\t\t\t><\/iframe>\n\t\t<\/div>\n\t\t\t\t\t\t<\/div>\n\t\t\t\t\t<\/div>\n\t\t<\/div>\n\t\t\t\t\t<\/div>\n\t\t<\/section>\n\t\t\t\t<\/div>\n\t\t","protected":false},"excerpt":{"rendered":"<p>Infrastruktur Der Reitverein Berom\u00fcnster verf\u00fcgt \u00fcber einen Aussenplatz von 42x60m sowie einer Reithalle mit 25&#215;50 m Gr\u00f6sse. Infrastruktur Wir verf\u00fcgen \u00fcber eine Moderne Infrastruktur mit Reithalle und Reitplatz. Direkt neben dem Aussenplatz und der Reithalle steht ein grosser Parkplatz f\u00fcr Pferdetransporter und Fahrzeuge mit Anh\u00e4nger zur Verf\u00fcgung. Achtung: Der Parkplatz ist seit M\u00e4rz 2024 kostenpflichtig. [&hellip;]<\/p>\n","protected":false},"author":2,"featured_media":0,"parent":0,"menu_order":0,"comment_status":"closed","ping_status":"closed","template":"","meta":{"ocean_post_layout":"full-screen","ocean_both_sidebars_style":"","ocean_both_sidebars_content_width":0,"ocean_both_sidebars_sidebars_width":0,"ocean_sidebar":"","ocean_second_sidebar":"","ocean_disable_margins":"on","ocean_add_body_class":"","ocean_shortcode_before_top_bar":"","ocean_shortcode_after_top_bar":"","ocean_shortcode_before_header":"","ocean_shortcode_after_header":"","ocean_has_shortcode":"","ocean_shortcode_after_title":"","ocean_shortcode_before_footer_widgets":"","ocean_shortcode_after_footer_widgets":"","ocean_shortcode_before_footer_bottom":"","ocean_shortcode_after_footer_bottom":"","ocean_display_top_bar":"default","ocean_display_header":"default","ocean_header_style":"","ocean_center_header_left_menu":"","ocean_custom_header_template":"","ocean_custom_logo":0,"ocean_custom_retina_logo":0,"ocean_custom_logo_max_width":0,"ocean_custom_logo_tablet_max_width":0,"ocean_custom_logo_mobile_max_width":0,"ocean_custom_logo_max_height":0,"ocean_custom_logo_tablet_max_height":0,"ocean_custom_logo_mobile_max_height":0,"ocean_header_custom_menu":"","ocean_menu_typo_font_family":"","ocean_menu_typo_font_subset":"","ocean_menu_typo_font_size":0,"ocean_menu_typo_font_size_tablet":0,"ocean_menu_typo_font_size_mobile":0,"ocean_menu_typo_font_size_unit":"px","ocean_menu_typo_font_weight":"","ocean_menu_typo_font_weight_tablet":"","ocean_menu_typo_font_weight_mobile":"","ocean_menu_typo_transform":"","ocean_menu_typo_transform_tablet":"","ocean_menu_typo_transform_mobile":"","ocean_menu_typo_line_height":0,"ocean_menu_typo_line_height_tablet":0,"ocean_menu_typo_line_height_mobile":0,"ocean_menu_typo_line_height_unit":"","ocean_menu_typo_spacing":0,"ocean_menu_typo_spacing_tablet":0,"ocean_menu_typo_spacing_mobile":0,"ocean_menu_typo_spacing_unit":"","ocean_menu_link_color":"","ocean_menu_link_color_hover":"","ocean_menu_link_color_active":"","ocean_menu_link_background":"","ocean_menu_link_hover_background":"","ocean_menu_link_active_background":"","ocean_menu_social_links_bg":"","ocean_menu_social_hover_links_bg":"","ocean_menu_social_links_color":"","ocean_menu_social_hover_links_color":"","ocean_disable_title":"on","ocean_disable_heading":"default","ocean_post_title":"","ocean_post_subheading":"","ocean_post_title_style":"","ocean_post_title_background_color":"","ocean_post_title_background":0,"ocean_post_title_bg_image_position":"","ocean_post_title_bg_image_attachment":"","ocean_post_title_bg_image_repeat":"","ocean_post_title_bg_image_size":"","ocean_post_title_height":0,"ocean_post_title_bg_overlay":0.5,"ocean_post_title_bg_overlay_color":"","ocean_disable_breadcrumbs":"default","ocean_breadcrumbs_color":"","ocean_breadcrumbs_separator_color":"","ocean_breadcrumbs_links_color":"","ocean_breadcrumbs_links_hover_color":"","ocean_display_footer_widgets":"default","ocean_display_footer_bottom":"default","ocean_custom_footer_template":"","footnotes":""},"class_list":["post-905","page","type-page","status-publish","hentry","entry"],"yoast_head":"<!-- This site is optimized with the Yoast SEO plugin v27.4 - https:\/\/yoast.com\/product\/yoast-seo-wordpress\/ -->\n<title>Infrastruktur - Reitverein Berom\u00fcnster<\/title>\n<meta name=\"robots\" content=\"noindex, follow, max-snippet:-1, max-image-preview:large, max-video-preview:-1\" \/>\n<meta property=\"og:locale\" content=\"de_DE\" \/>\n<meta property=\"og:type\" content=\"article\" \/>\n<meta property=\"og:title\" content=\"Infrastruktur - Reitverein Berom\u00fcnster\" \/>\n<meta property=\"og:description\" content=\"Infrastruktur Der Reitverein Berom\u00fcnster verf\u00fcgt \u00fcber einen Aussenplatz von 42x60m sowie einer Reithalle mit 25&#215;50 m Gr\u00f6sse. Infrastruktur Wir verf\u00fcgen \u00fcber eine Moderne Infrastruktur mit Reithalle und Reitplatz. Direkt neben dem Aussenplatz und der Reithalle steht ein grosser Parkplatz f\u00fcr Pferdetransporter und Fahrzeuge mit Anh\u00e4nger zur Verf\u00fcgung. Achtung: Der Parkplatz ist seit M\u00e4rz 2024 kostenpflichtig. [&hellip;]\" \/>\n<meta property=\"og:url\" content=\"https:\/\/reitverein-beromuenster.ch\/index.php\/infrastruktur\/\" \/>\n<meta property=\"og:site_name\" content=\"Reitverein Berom\u00fcnster\" \/>\n<meta property=\"article:modified_time\" content=\"2026-04-23T13:51:13+00:00\" \/>\n<meta property=\"og:image\" content=\"https:\/\/reitverein-beromuenster.ch\/wp-content\/uploads\/2026\/04\/Reithalle.jpg\" \/>\n\t<meta property=\"og:image:width\" content=\"1229\" \/>\n\t<meta property=\"og:image:height\" content=\"694\" \/>\n\t<meta property=\"og:image:type\" content=\"image\/jpeg\" \/>\n<meta name=\"twitter:card\" content=\"summary_large_image\" \/>\n<meta name=\"twitter:label1\" content=\"Gesch\u00e4tzte Lesezeit\" \/>\n\t<meta name=\"twitter:data1\" content=\"4\u00a0Minuten\" \/>\n<script type=\"application\/ld+json\" class=\"yoast-schema-graph\">{\"@context\":\"https:\\\/\\\/schema.org\",\"@graph\":[{\"@type\":\"WebPage\",\"@id\":\"https:\\\/\\\/reitverein-beromuenster.ch\\\/index.php\\\/infrastruktur\\\/\",\"url\":\"https:\\\/\\\/reitverein-beromuenster.ch\\\/index.php\\\/infrastruktur\\\/\",\"name\":\"Infrastruktur - Reitverein Berom\u00fcnster\",\"isPartOf\":{\"@id\":\"https:\\\/\\\/reitverein-beromuenster.ch\\\/#website\"},\"primaryImageOfPage\":{\"@id\":\"https:\\\/\\\/reitverein-beromuenster.ch\\\/index.php\\\/infrastruktur\\\/#primaryimage\"},\"image\":{\"@id\":\"https:\\\/\\\/reitverein-beromuenster.ch\\\/index.php\\\/infrastruktur\\\/#primaryimage\"},\"thumbnailUrl\":\"https:\\\/\\\/reitverein-beromuenster.ch\\\/wp-content\\\/uploads\\\/2026\\\/04\\\/Reithalle.jpg\",\"datePublished\":\"2026-04-21T08:34:40+00:00\",\"dateModified\":\"2026-04-23T13:51:13+00:00\",\"breadcrumb\":{\"@id\":\"https:\\\/\\\/reitverein-beromuenster.ch\\\/index.php\\\/infrastruktur\\\/#breadcrumb\"},\"inLanguage\":\"de\",\"potentialAction\":[{\"@type\":\"ReadAction\",\"target\":[\"https:\\\/\\\/reitverein-beromuenster.ch\\\/index.php\\\/infrastruktur\\\/\"]}]},{\"@type\":\"ImageObject\",\"inLanguage\":\"de\",\"@id\":\"https:\\\/\\\/reitverein-beromuenster.ch\\\/index.php\\\/infrastruktur\\\/#primaryimage\",\"url\":\"https:\\\/\\\/reitverein-beromuenster.ch\\\/wp-content\\\/uploads\\\/2026\\\/04\\\/Reithalle.jpg\",\"contentUrl\":\"https:\\\/\\\/reitverein-beromuenster.ch\\\/wp-content\\\/uploads\\\/2026\\\/04\\\/Reithalle.jpg\",\"width\":1229,\"height\":694},{\"@type\":\"BreadcrumbList\",\"@id\":\"https:\\\/\\\/reitverein-beromuenster.ch\\\/index.php\\\/infrastruktur\\\/#breadcrumb\",\"itemListElement\":[{\"@type\":\"ListItem\",\"position\":1,\"name\":\"Start\",\"item\":\"https:\\\/\\\/reitverein-beromuenster.ch\\\/\"},{\"@type\":\"ListItem\",\"position\":2,\"name\":\"Infrastruktur\"}]},{\"@type\":\"WebSite\",\"@id\":\"https:\\\/\\\/reitverein-beromuenster.ch\\\/#website\",\"url\":\"https:\\\/\\\/reitverein-beromuenster.ch\\\/\",\"name\":\"Reitverein Berom\u00fcnster\",\"description\":\"Pferdesport gelebt\",\"publisher\":{\"@id\":\"https:\\\/\\\/reitverein-beromuenster.ch\\\/#organization\"},\"potentialAction\":[{\"@type\":\"SearchAction\",\"target\":{\"@type\":\"EntryPoint\",\"urlTemplate\":\"https:\\\/\\\/reitverein-beromuenster.ch\\\/?s={search_term_string}\"},\"query-input\":{\"@type\":\"PropertyValueSpecification\",\"valueRequired\":true,\"valueName\":\"search_term_string\"}}],\"inLanguage\":\"de\"},{\"@type\":\"Organization\",\"@id\":\"https:\\\/\\\/reitverein-beromuenster.ch\\\/#organization\",\"name\":\"Reitverein Berom\u00fcnster\",\"url\":\"https:\\\/\\\/reitverein-beromuenster.ch\\\/\",\"logo\":{\"@type\":\"ImageObject\",\"inLanguage\":\"de\",\"@id\":\"https:\\\/\\\/reitverein-beromuenster.ch\\\/#\\\/schema\\\/logo\\\/image\\\/\",\"url\":\"https:\\\/\\\/reitverein-beromuenster.ch\\\/wp-content\\\/uploads\\\/2026\\\/04\\\/logo-rvb_transparent_klein-modified.png\",\"contentUrl\":\"https:\\\/\\\/reitverein-beromuenster.ch\\\/wp-content\\\/uploads\\\/2026\\\/04\\\/logo-rvb_transparent_klein-modified.png\",\"width\":137,\"height\":100,\"caption\":\"Reitverein Berom\u00fcnster\"},\"image\":{\"@id\":\"https:\\\/\\\/reitverein-beromuenster.ch\\\/#\\\/schema\\\/logo\\\/image\\\/\"}}]}<\/script>\n<!-- \/ Yoast SEO plugin. -->","yoast_head_json":{"title":"Infrastruktur - Reitverein Berom\u00fcnster","robots":{"index":"noindex","follow":"follow","max-snippet":"max-snippet:-1","max-image-preview":"max-image-preview:large","max-video-preview":"max-video-preview:-1"},"og_locale":"de_DE","og_type":"article","og_title":"Infrastruktur - Reitverein Berom\u00fcnster","og_description":"Infrastruktur Der Reitverein Berom\u00fcnster verf\u00fcgt \u00fcber einen Aussenplatz von 42x60m sowie einer Reithalle mit 25&#215;50 m Gr\u00f6sse. Infrastruktur Wir verf\u00fcgen \u00fcber eine Moderne Infrastruktur mit Reithalle und Reitplatz. Direkt neben dem Aussenplatz und der Reithalle steht ein grosser Parkplatz f\u00fcr Pferdetransporter und Fahrzeuge mit Anh\u00e4nger zur Verf\u00fcgung. Achtung: Der Parkplatz ist seit M\u00e4rz 2024 kostenpflichtig. [&hellip;]","og_url":"https:\/\/reitverein-beromuenster.ch\/index.php\/infrastruktur\/","og_site_name":"Reitverein Berom\u00fcnster","article_modified_time":"2026-04-23T13:51:13+00:00","og_image":[{"width":1229,"height":694,"url":"https:\/\/reitverein-beromuenster.ch\/wp-content\/uploads\/2026\/04\/Reithalle.jpg","type":"image\/jpeg"}],"twitter_card":"summary_large_image","twitter_misc":{"Gesch\u00e4tzte Lesezeit":"4\u00a0Minuten"},"schema":{"@context":"https:\/\/schema.org","@graph":[{"@type":"WebPage","@id":"https:\/\/reitverein-beromuenster.ch\/index.php\/infrastruktur\/","url":"https:\/\/reitverein-beromuenster.ch\/index.php\/infrastruktur\/","name":"Infrastruktur - Reitverein Berom\u00fcnster","isPartOf":{"@id":"https:\/\/reitverein-beromuenster.ch\/#website"},"primaryImageOfPage":{"@id":"https:\/\/reitverein-beromuenster.ch\/index.php\/infrastruktur\/#primaryimage"},"image":{"@id":"https:\/\/reitverein-beromuenster.ch\/index.php\/infrastruktur\/#primaryimage"},"thumbnailUrl":"https:\/\/reitverein-beromuenster.ch\/wp-content\/uploads\/2026\/04\/Reithalle.jpg","datePublished":"2026-04-21T08:34:40+00:00","dateModified":"2026-04-23T13:51:13+00:00","breadcrumb":{"@id":"https:\/\/reitverein-beromuenster.ch\/index.php\/infrastruktur\/#breadcrumb"},"inLanguage":"de","potentialAction":[{"@type":"ReadAction","target":["https:\/\/reitverein-beromuenster.ch\/index.php\/infrastruktur\/"]}]},{"@type":"ImageObject","inLanguage":"de","@id":"https:\/\/reitverein-beromuenster.ch\/index.php\/infrastruktur\/#primaryimage","url":"https:\/\/reitverein-beromuenster.ch\/wp-content\/uploads\/2026\/04\/Reithalle.jpg","contentUrl":"https:\/\/reitverein-beromuenster.ch\/wp-content\/uploads\/2026\/04\/Reithalle.jpg","width":1229,"height":694},{"@type":"BreadcrumbList","@id":"https:\/\/reitverein-beromuenster.ch\/index.php\/infrastruktur\/#breadcrumb","itemListElement":[{"@type":"ListItem","position":1,"name":"Start","item":"https:\/\/reitverein-beromuenster.ch\/"},{"@type":"ListItem","position":2,"name":"Infrastruktur"}]},{"@type":"WebSite","@id":"https:\/\/reitverein-beromuenster.ch\/#website","url":"https:\/\/reitverein-beromuenster.ch\/","name":"Reitverein Berom\u00fcnster","description":"Pferdesport gelebt","publisher":{"@id":"https:\/\/reitverein-beromuenster.ch\/#organization"},"potentialAction":[{"@type":"SearchAction","target":{"@type":"EntryPoint","urlTemplate":"https:\/\/reitverein-beromuenster.ch\/?s={search_term_string}"},"query-input":{"@type":"PropertyValueSpecification","valueRequired":true,"valueName":"search_term_string"}}],"inLanguage":"de"},{"@type":"Organization","@id":"https:\/\/reitverein-beromuenster.ch\/#organization","name":"Reitverein Berom\u00fcnster","url":"https:\/\/reitverein-beromuenster.ch\/","logo":{"@type":"ImageObject","inLanguage":"de","@id":"https:\/\/reitverein-beromuenster.ch\/#\/schema\/logo\/image\/","url":"https:\/\/reitverein-beromuenster.ch\/wp-content\/uploads\/2026\/04\/logo-rvb_transparent_klein-modified.png","contentUrl":"https:\/\/reitverein-beromuenster.ch\/wp-content\/uploads\/2026\/04\/logo-rvb_transparent_klein-modified.png","width":137,"height":100,"caption":"Reitverein Berom\u00fcnster"},"image":{"@id":"https:\/\/reitverein-beromuenster.ch\/#\/schema\/logo\/image\/"}}]}},"_links":{"self":[{"href":"https:\/\/reitverein-beromuenster.ch\/index.php\/wp-json\/wp\/v2\/pages\/905","targetHints":{"allow":["GET"]}}],"collection":[{"href":"https:\/\/reitverein-beromuenster.ch\/index.php\/wp-json\/wp\/v2\/pages"}],"about":[{"href":"https:\/\/reitverein-beromuenster.ch\/index.php\/wp-json\/wp\/v2\/types\/page"}],"author":[{"embeddable":true,"href":"https:\/\/reitverein-beromuenster.ch\/index.php\/wp-json\/wp\/v2\/users\/2"}],"replies":[{"embeddable":true,"href":"https:\/\/reitverein-beromuenster.ch\/index.php\/wp-json\/wp\/v2\/comments?post=905"}],"version-history":[{"count":28,"href":"https:\/\/reitverein-beromuenster.ch\/index.php\/wp-json\/wp\/v2\/pages\/905\/revisions"}],"predecessor-version":[{"id":1106,"href":"https:\/\/reitverein-beromuenster.ch\/index.php\/wp-json\/wp\/v2\/pages\/905\/revisions\/1106"}],"wp:attachment":[{"href":"https:\/\/reitverein-beromuenster.ch\/index.php\/wp-json\/wp\/v2\/media?parent=905"}],"curies":[{"name":"wp","href":"https:\/\/api.w.org\/{rel}","templated":true}]}}